{"id":256,"date":"2021-04-21T13:49:57","date_gmt":"2021-04-21T11:49:57","guid":{"rendered":"https:\/\/praxis-dr-benner.de\/?page_id=256"},"modified":"2025-05-12T15:00:06","modified_gmt":"2025-05-12T13:00:06","slug":"cerec","status":"publish","type":"page","link":"https:\/\/praxis-dr-benner.de\/en\/leistungen\/cerec\/","title":{"rendered":"CEREC"},"content":{"rendered":"\n<figure class=\"wp-block-image size-full\"><img decoding=\"async\" width=\"1920\" height=\"436\" data-src=\"https:\/\/praxis-dr-benner.de\/wp-content\/uploads\/2021\/05\/header_cerec.jpg\" alt=\"Zahnarzt Dr. Benner\" class=\"wp-image-321 lazyload\" title=\"Zahnarzt Dr. Benner\" data-srcset=\"https:\/\/praxis-dr-benner.de\/wp-content\/uploads\/2021\/05\/header_cerec.jpg 1920w, https:\/\/praxis-dr-benner.de\/wp-content\/uploads\/2021\/05\/header_cerec-300x68.jpg 300w, https:\/\/praxis-dr-benner.de\/wp-content\/uploads\/2021\/05\/header_cerec-1024x233.jpg 1024w, https:\/\/praxis-dr-benner.de\/wp-content\/uploads\/2021\/05\/header_cerec-768x174.jpg 768w, https:\/\/praxis-dr-benner.de\/wp-content\/uploads\/2021\/05\/header_cerec-1536x349.jpg 1536w\" data-sizes=\"(max-width: 1920px) 100vw, 1920px\" src=\"data:image\/svg+xml;base64,PHN2ZyB3aWR0aD0iMSIgaGVpZ2h0PSIxIiB4bWxucz0iaHR0cDovL3d3dy53My5vcmcvMjAwMC9zdmciPjwvc3ZnPg==\" style=\"--smush-placeholder-width: 1920px; --smush-placeholder-aspect-ratio: 1920\/436;\" \/><\/figure>\n\n\n\n<div class=\"wp-block-group fixed-size\"><div class=\"wp-block-group__inner-container is-layout-flow wp-block-group-is-layout-flow\">\n<div style=\"height:35px\" aria-hidden=\"true\" class=\"wp-block-spacer\"><\/div>\n\n\n\n<h2 class=\"wp-block-heading\">CEREC <br>GENAU das richtige Ergebnis.<\/h2>\n\n\n\n<p>Durch die Digitalisierung haben wir auch in der Zahnmedizin immer neue M\u00f6glichkeiten. Pr\u00e4ziseres Arbeiten durch hochaufl\u00f6sende Scans, hygienischere Arbeitsbedingungen und weitaus mehr Komfort fu\u0308r unsere Patientinnen und Patienten sowie ein h\u00f6heres Ma\u00df an \u00c4sthetik zeichnen die neuen Arbeitsweisen aus. <\/p>\n\n\n\n<div class=\"wp-block-group fixed-size\"><div class=\"wp-block-group__inner-container is-layout-flow wp-block-group-is-layout-flow\">\n<div style=\"height:40px\" aria-hidden=\"true\" class=\"wp-block-spacer\"><\/div>\n\n\n\n<div class=\"wp-block-columns is-layout-flex wp-container-core-columns-is-layout-9d6595d7 wp-block-columns-is-layout-flex\">\n<div class=\"wp-block-column is-vertically-aligned-center is-layout-flow wp-block-column-is-layout-flow\">\n<p>Immer mehr h\u00e4lt die Digitalisierung auch in der Zahnmedizin Einzug. Hochaufl\u00f6sende Bilder durch dreidimensionales R\u00f6ntgen und die Digitale Volumentomographie (DVT) sind das Fundament, auf dem Operationen und Behandlungen im Vorfeld exakt geplant werden und mittlerweile aus der Zahnmedizin nicht mehr wegzudenken.<br>In der Zahntechnik tut sich mindestens genauso viel: Hochpr\u00e4zise Scanner erfassen die Z\u00e4hne sowie die Schleimh\u00e4ute und CAD\/CAM Fr\u00e4smaschinen arbeiten auf Grundlage des Scans in kaum wahrnehmbaren Gr\u00f6\u00dfenordnungen.<\/p>\n<\/div>\n\n\n\n<div class=\"wp-block-column online-termin is-layout-flow wp-block-column-is-layout-flow\">\n<div class=\"wp-block-group border-kreis\"><div class=\"wp-block-group__inner-container is-layout-flow wp-block-group-is-layout-flow\">\n<p class=\"has-text-align-center kreis-bunt-h\">Online<br>Terminvereinbarung<\/p>\n\n\n<div class=\"drflex-button-wrapper\">\n        <a href=\"javascript:toggleDrFlexAppointments()\">\n            <div class=\"drflex-button\"\n                style=\"border-radius: 1em;\n                    background-color: #68e697;\n                    color: #ffffff;\n                    padding: 1em;\">Termin online buchen\n            <\/div>\n        <\/a>\n    <\/div>\n\n\n\n<p class=\"has-text-align-center p-kreis\"><strong>oder telefonisch<\/strong><\/p>\n\n\n\n<p class=\"has-text-align-center p-kreis\"><strong>Tel. 02235 &#8211; 6525<\/strong><\/p>\n<\/div><\/div>\n<\/div>\n<\/div>\n\n\n\n<div style=\"height:20px\" aria-hidden=\"true\" class=\"wp-block-spacer\"><\/div>\n<\/div><\/div>\n<\/div><\/div>\n\n\n\n<div class=\"wp-block-group full-size light-blue\"><div class=\"wp-block-group__inner-container is-layout-flow wp-block-group-is-layout-flow\">\n<div style=\"height:46px\" aria-hidden=\"true\" class=\"wp-block-spacer\"><\/div>\n\n\n\n<div class=\"wp-block-columns fixed-size zahn-template is-layout-flex wp-container-core-columns-is-layout-9d6595d7 wp-block-columns-is-layout-flex\">\n<div class=\"wp-block-column is-vertically-aligned-top is-layout-flow wp-block-column-is-layout-flow\" style=\"flex-basis:40%\"><div class=\"wp-block-image\">\n<figure class=\"alignleft size-full\"><img decoding=\"async\" width=\"418\" height=\"262\" data-src=\"https:\/\/praxis-dr-benner.de\/wp-content\/uploads\/2021\/05\/cerec_content01.jpg\" alt=\"Zahnarzt Dr. Benner\" class=\"wp-image-319 lazyload\" title=\"Zahnarzt Dr. Benner\" data-srcset=\"https:\/\/praxis-dr-benner.de\/wp-content\/uploads\/2021\/05\/cerec_content01.jpg 418w, https:\/\/praxis-dr-benner.de\/wp-content\/uploads\/2021\/05\/cerec_content01-300x188.jpg 300w\" data-sizes=\"(max-width: 418px) 100vw, 418px\" src=\"data:image\/svg+xml;base64,PHN2ZyB3aWR0aD0iMSIgaGVpZ2h0PSIxIiB4bWxucz0iaHR0cDovL3d3dy53My5vcmcvMjAwMC9zdmciPjwvc3ZnPg==\" style=\"--smush-placeholder-width: 418px; --smush-placeholder-aspect-ratio: 418\/262;\" \/><\/figure>\n<\/div>\n\n\n<h4 class=\"wp-block-heading\">Der Ablauf<\/h4>\n\n\n\n<p>Nach der Bet\u00e4ubung und Bearbeitung des Zahns durch den Zahnarzt wird die Situation von einem Scanner erfasst und auf einen Computer u\u0308bertragen. Dort findet das auf Ihre Mundh\u00f6hle zugeschnittene Design des Zahnes statt. Der fertige Datensatz wird anschlie\u00dfend an eine Fr\u00e4seinheit geschickt, welche innerhalb von Minuten aus einem Block die gewu\u0308nschte Versorgung herausarbeitet. Je nach Keramik wird diese dann noch in einem Ofen gebrannt und nach einer kurzen Abku\u0308hlzeit dauerhaft im Mund verklebt. Bei kleineren Versorgungen vergehen zwischen Ankunft und Verabschiedung des Patienten nicht einmal 90 Minuten.<\/p>\n<\/div>\n\n\n\n<div class=\"wp-block-column is-vertically-aligned-center is-layout-flow wp-block-column-is-layout-flow\" style=\"flex-basis:40%\"><div class=\"wp-block-image\">\n<figure class=\"alignleft size-full\"><img decoding=\"async\" width=\"418\" height=\"262\" data-src=\"https:\/\/praxis-dr-benner.de\/wp-content\/uploads\/2021\/05\/cerec_content02.jpg\" alt=\"Zahnarzt Dr. Benner\" class=\"wp-image-320 lazyload\" title=\"Zahnarzt Dr. Benner\" data-srcset=\"https:\/\/praxis-dr-benner.de\/wp-content\/uploads\/2021\/05\/cerec_content02.jpg 418w, https:\/\/praxis-dr-benner.de\/wp-content\/uploads\/2021\/05\/cerec_content02-300x188.jpg 300w\" data-sizes=\"(max-width: 418px) 100vw, 418px\" src=\"data:image\/svg+xml;base64,PHN2ZyB3aWR0aD0iMSIgaGVpZ2h0PSIxIiB4bWxucz0iaHR0cDovL3d3dy53My5vcmcvMjAwMC9zdmciPjwvc3ZnPg==\" style=\"--smush-placeholder-width: 418px; --smush-placeholder-aspect-ratio: 418\/262;\" \/><\/figure>\n<\/div>\n\n\n<h4 class=\"wp-block-heading\">Ihre Vorteile<\/h4>\n\n\n\n<p>Scanner ersetzen die l\u00e4stigen und unangenehmen Alginat- und Silikonabdru\u0308cke, die besonders fu\u0308r Menschen mit Wu\u0308rgereiz ein gro\u00dfes Problem darstellen. Im Hinblick auf Teil- und Einzelkronen oder Einlagefu\u0308llungen wie In- und Onlays, k\u00f6nnen wir Ihnen aufgrund der vereinfachten Arbeitsprozesse die Arbeiten innerhalb eines Vor- oder Nachmittags einsetzen &#8211; ohne zweiten Termin und ohne zweite Bet\u00e4ubung! Au\u00dferdem entfallen umstrittene Bestandteile wie sie in Amalgam oder in Goldlegierungen vorzufinden sind sowie die Metallr\u00e4nder am Zahnhals, die nach einigen Jahren bei mit Keramik verblendeten Metallkronen sichtbar werden.<\/p>\n<\/div>\n<\/div>\n\n\n\n<div style=\"height:21px\" aria-hidden=\"true\" class=\"wp-block-spacer\"><\/div>\n<\/div><\/div>\n\n\n\n<div class=\"wp-block-group full-size back-img-zahn\"><div class=\"wp-block-group__inner-container is-layout-flow wp-block-group-is-layout-flow\">\n<h3 class=\"wp-block-heading has-text-align-center\">Genau mein Service.<\/h3>\n\n\n\n<hr class=\"wp-block-separator has-css-opacity\"\/>\n\n\n\n<h5 class=\"wp-block-heading has-text-align-center\">Jetzt einen Termin in <br>unserer Praxis vereinbaren.<\/h5>\n\n\n<div class=\"drflex-button-wrapper\">\n        <a href=\"javascript:toggleDrFlexAppointments()\">\n            <div class=\"drflex-button\"\n                style=\"border-radius: 1em;\n                    background-color: #68e697;\n                    color: #ffffff;\n                    padding: 1em;\">Termin online buchen\n            <\/div>\n        <\/a>\n    <\/div>\n\n\n\n<p class=\"has-text-align-center\">oder telefonisch Tel. 02235 &#8211; 6525<\/p>\n<\/div><\/div>\n\n\n\n<div class=\"wp-block-group fixed-size\"><div class=\"wp-block-group__inner-container is-layout-flow wp-block-group-is-layout-flow\">\n<div style=\"height:35px\" aria-hidden=\"true\" class=\"wp-block-spacer\"><\/div>\n\n\n\n<h4 class=\"wp-block-heading\">Der digitale Workflow &#8211; Pr\u00e4zision par excellence<\/h4>\n\n\n\n<p>Die Vorteile begrenzen sich nicht nur auf die wegfallenden Scans oder die Materialvertr\u00e4glichkeit. Durch Aufl\u00f6sungen, die im klinischen Rahmen meist schon u\u0308berhaupt keine Rolle mehr spielen, k\u00f6nnen pr\u00e4zise die Kontaktpunkte zu den Nachbar- und Gegenkieferz\u00e4hnen festgelegt werden. Das Ergebnis zeigt sich dann in Kronen und Bru\u0308cken, die beim Einsetzen kaum mehr eingeschliffen werden mu\u0308ssen und direkt eingesetzt werden k\u00f6nnen. Die l\u00e4stige Anpassung mit der Bissfolie entf\u00e4llt oftmals komplett. Rundherum bietet Ihnen die digitale Zahnmedizin alles, was die konservative Methodik nicht leisten kann: Pr\u00e4zision, Komfort, Zeitersparnis, Vertr\u00e4glichkeit und \u00c4sthetik.<\/p>\n\n\n\n<div style=\"height:35px\" aria-hidden=\"true\" class=\"wp-block-spacer\"><\/div>\n\n\n\n<div data-uk-slideset=\"{default: 1,small: 2,medium: 2,large: 3}\">\n\n    \n    <div class=\"uk-slidenav-position uk-margin\">\n\n        <ul class=\"uk-slideset uk-grid uk-grid-match uk-flex-center uk-grid-width-1-1 uk-grid-width-small-1-2 uk-grid-width-medium-1-2 uk-grid-width-large-1-3\">\n        \n            <li>\n\n                <div class=\"uk-panel uk-text-center\">\n\n                    \n                    \n                                        <div class=\"uk-text-center uk-panel-teaser\"><img decoding=\"async\" data-src=\"\/wp-content\/uploads\/2021\/05\/content_slider_01.jpg\" class=\"uk-overlay-scale lazyload\" alt=\"Zahn G1\" title=\"Zahnarzt Dr. Benner\" src=\"data:image\/svg+xml;base64,PHN2ZyB3aWR0aD0iMSIgaGVpZ2h0PSIxIiB4bWxucz0iaHR0cDovL3d3dy53My5vcmcvMjAwMC9zdmciPjwvc3ZnPg==\" style=\"--smush-placeholder-width: 376px; --smush-placeholder-aspect-ratio: 376\/262;\"><\/div>\n                    \n                    \n                    \n                    \n                    \n                    \n                    \n                <\/div>\n\n            <\/li>\n\n        \n            <li>\n\n                <div class=\"uk-panel uk-text-center\">\n\n                    \n                    \n                                        <div class=\"uk-text-center uk-panel-teaser\"><img decoding=\"async\" data-src=\"\/wp-content\/uploads\/2021\/05\/content_slider_02.jpg\" class=\"uk-overlay-scale lazyload\" alt=\"Zahn G2\" title=\"Zahnarzt Dr. Benner\" src=\"data:image\/svg+xml;base64,PHN2ZyB3aWR0aD0iMSIgaGVpZ2h0PSIxIiB4bWxucz0iaHR0cDovL3d3dy53My5vcmcvMjAwMC9zdmciPjwvc3ZnPg==\" style=\"--smush-placeholder-width: 376px; --smush-placeholder-aspect-ratio: 376\/262;\"><\/div>\n                    \n                    \n                    \n                    \n                    \n                    \n                    \n                <\/div>\n\n            <\/li>\n\n        \n            <li>\n\n                <div class=\"uk-panel uk-text-center\">\n\n                    \n                    \n                                        <div class=\"uk-text-center uk-panel-teaser\"><img decoding=\"async\" data-src=\"\/wp-content\/uploads\/2021\/05\/content_slider_03.jpg\" class=\"uk-overlay-scale lazyload\" alt=\"Zahn G3\" title=\"Zahnarzt Dr. Benner\" src=\"data:image\/svg+xml;base64,PHN2ZyB3aWR0aD0iMSIgaGVpZ2h0PSIxIiB4bWxucz0iaHR0cDovL3d3dy53My5vcmcvMjAwMC9zdmciPjwvc3ZnPg==\" style=\"--smush-placeholder-width: 376px; --smush-placeholder-aspect-ratio: 376\/262;\"><\/div>\n                    \n                    \n                    \n                    \n                    \n                    \n                    \n                <\/div>\n\n            <\/li>\n\n        \n            <li>\n\n                <div class=\"uk-panel uk-text-center\">\n\n                    \n                    \n                                        <div class=\"uk-text-center uk-panel-teaser\"><img decoding=\"async\" data-src=\"\/wp-content\/uploads\/2021\/05\/content_slider_04.jpg\" class=\"uk-overlay-scale lazyload\" alt=\"Zahn G4\" title=\"Zahnarzt Dr. Benner\" src=\"data:image\/svg+xml;base64,PHN2ZyB3aWR0aD0iMSIgaGVpZ2h0PSIxIiB4bWxucz0iaHR0cDovL3d3dy53My5vcmcvMjAwMC9zdmciPjwvc3ZnPg==\" style=\"--smush-placeholder-width: 376px; --smush-placeholder-aspect-ratio: 376\/262;\"><\/div>\n                    \n                    \n                    \n                    \n                    \n                    \n                    \n                <\/div>\n\n            <\/li>\n\n        \n            <li>\n\n                <div class=\"uk-panel uk-text-center\">\n\n                    \n                    \n                                        <div class=\"uk-text-center uk-panel-teaser\"><img decoding=\"async\" data-src=\"\/wp-content\/uploads\/2021\/05\/content_slider_05.jpg\" class=\"uk-overlay-scale lazyload\" alt=\"Zahn G5\" title=\"Zahnarzt Dr. Benner\" src=\"data:image\/svg+xml;base64,PHN2ZyB3aWR0aD0iMSIgaGVpZ2h0PSIxIiB4bWxucz0iaHR0cDovL3d3dy53My5vcmcvMjAwMC9zdmciPjwvc3ZnPg==\" style=\"--smush-placeholder-width: 376px; --smush-placeholder-aspect-ratio: 376\/262;\"><\/div>\n                    \n                    \n                    \n                    \n                    \n                    \n                    \n                <\/div>\n\n            <\/li>\n\n        \n            <li>\n\n                <div class=\"uk-panel uk-text-center\">\n\n                    \n                    \n                                        <div class=\"uk-text-center uk-panel-teaser\"><img decoding=\"async\" data-src=\"\/wp-content\/uploads\/2021\/05\/content_slider_06.jpg\" class=\"uk-overlay-scale lazyload\" alt=\"Zahn G6\" title=\"Zahnarzt Dr. Benner\" src=\"data:image\/svg+xml;base64,PHN2ZyB3aWR0aD0iMSIgaGVpZ2h0PSIxIiB4bWxucz0iaHR0cDovL3d3dy53My5vcmcvMjAwMC9zdmciPjwvc3ZnPg==\" style=\"--smush-placeholder-width: 376px; --smush-placeholder-aspect-ratio: 376\/262;\"><\/div>\n                    \n                    \n                    \n                    \n                    \n                    \n                    \n                <\/div>\n\n            <\/li>\n\n                <\/ul>\n\n        \n    <\/div>\n\n        <div class=\"uk-flex uk-flex-center uk-margin-top\">\n        <div class=\"uk-grid uk-grid-small\">\n            <div><a href=\"#\" class=\"uk-slidenav uk-slidenav-previous\" data-uk-slideset-item=\"previous\"><\/a><\/div>\n            <div><a href=\"#\" class=\"uk-slidenav uk-slidenav-next\" data-uk-slideset-item=\"next\"><\/a><\/div>\n        <\/div>\n    <\/div>\n    \n    \n    \n<\/div>\n\n<\/div><\/div>\n\n\n\n<div style=\"height:61px\" aria-hidden=\"true\" class=\"wp-block-spacer\"><\/div>\n\n\n\n<div class=\"wp-block-group full-size light-blue\"><div class=\"wp-block-group__inner-container is-layout-flow wp-block-group-is-layout-flow\">\n<div style=\"height:46px\" aria-hidden=\"true\" class=\"wp-block-spacer\"><\/div>\n\n\n\n<h2 class=\"wp-block-heading fixed-size\">Genau meine Praxis.<\/h2>\n\n\n\n<div class=\"wp-block-columns fixed-size zahn-template is-layout-flex wp-container-core-columns-is-layout-9d6595d7 wp-block-columns-is-layout-flex\">\n<div class=\"wp-block-column is-vertically-aligned-top is-layout-flow wp-block-column-is-layout-flow\" style=\"flex-basis:40%\">\n<ul class=\"wp-block-list\">\n<li>Wohlf\u00fchlatmosph\u00e4re<\/li>\n<\/ul>\n\n\n\n<p>Durch ein entspanntes Miteinander unter den Mitarbeitern, aber genauso im Umgang mit Ihnen als Patient, wird die Behandlung so komfortabel wie m\u00f6glich gestaltet. Auch abseits der reinen Behandlung bieten wir Ihnen eine Vielzahl an Services: Online-Terminvergabe und klimatisierte R\u00e4umlichkeiten d\u00fcrfen heute in einer dienstleistungsorientierten Praxis nicht fehlen.<\/p>\n<\/div>\n\n\n\n<div class=\"wp-block-column is-vertically-aligned-top is-layout-flow wp-block-column-is-layout-flow\" style=\"flex-basis:40%\">\n<ul class=\"wp-block-list\">\n<li>Eigenlabor<\/li>\n<\/ul>\n\n\n\n<p>Durch das praxisinterne Labor k\u00f6nnen kleine Reparaturen vor Ort durchgef\u00fchrt werden. Auch kann f\u00fcr die Farbbestimmung bei Kronen oder Br\u00fccken der Techniker aus dem Nebenraum mit draufschauen. Diese direkte Abstimmung zwischen Zahntechniker und Zahnarzt gibt uns die M\u00f6glichkeit, das perfekte Ergebnis f\u00fcr Sie zu erzielen.<\/p>\n<\/div>\n<\/div>\n\n\n\n<div class=\"wp-block-columns fixed-size zahn-template is-layout-flex wp-container-core-columns-is-layout-9d6595d7 wp-block-columns-is-layout-flex\">\n<div class=\"wp-block-column is-vertically-aligned-top is-layout-flow wp-block-column-is-layout-flow\" style=\"flex-basis:40%\">\n<ul class=\"wp-block-list\">\n<li>Ratenzahlung<\/li>\n<\/ul>\n\n\n\n<p>Diesen Service bieten wir Ihnen \u00fcber eine Kooperation mit der Health AG an. 12 Monate haben Sie die M\u00f6glichkeit, komplett zinslos abzuzahlen. Scheuen Sie sich nicht, uns anzusprechen!<\/p>\n<\/div>\n\n\n\n<div class=\"wp-block-column is-vertically-aligned-top is-layout-flow wp-block-column-is-layout-flow\" style=\"flex-basis:40%\">\n<ul class=\"wp-block-list\">\n<li>Zahnzusatzversicherung<\/li>\n<\/ul>\n\n\n\n<p>Viele Patienten sind \u00fcberfordert mit der Suche nach der richtigen Zahnzusatzversicherung \u2013 die undurchschaubare Vielzahl an m\u00f6glichen Vertr\u00e4gen ist f\u00fcr Fachfremde einfach zu gro\u00df.<\/p>\n\n\n\n<p><em>Als Praxis d\u00fcrfen wir keine explizite Vertragsempfehlung aussprechen, jedoch nehmen wir uns gerne die Zeit, Ihre Fragen zu diesem komplexen Thema zu beantworten.<\/em><\/p>\n<\/div>\n<\/div>\n\n\n\n<div style=\"height:45px\" aria-hidden=\"true\" class=\"wp-block-spacer\"><\/div>\n<\/div><\/div>\n\n\n\n<div class=\"wp-block-group full-size back-img-zahn-blue\"><div class=\"wp-block-group__inner-container is-layout-flow wp-block-group-is-layout-flow\">\n<h3 class=\"wp-block-heading has-text-align-center\">Haben Sie noch Fragen?<\/h3>\n\n\n\n<p class=\"has-text-align-center\">Wir freuen uns, Sie zu unserem Leistungsportfolio im Rahmen der CEREC Behandlung beraten zu d\u00fcrfen. Rufen Sie uns gerne an oder vereinbaren Sie direkt ein Erstgespr\u00e4ch bei unseren Behandlern von zahnmedizin rheinland in Erftstadt.\u00a0<\/p>\n\n\n<div class=\"drflex-button-wrapper\">\n        <a href=\"javascript:toggleDrFlexAppointments()\">\n            <div class=\"drflex-button\"\n                style=\"border-radius: 1em;\n                    background-color: #68e697;\n                    color: #ffffff;\n                    padding: 1em;\">Termin online buchen\n            <\/div>\n        <\/a>\n    <\/div>\n<\/div><\/div>\n\n\n\n<div class=\"wp-block-group fixed-size\"><div class=\"wp-block-group__inner-container is-layout-flow wp-block-group-is-layout-flow\">\n<div style=\"height:50px\" aria-hidden=\"true\" class=\"wp-block-spacer\"><\/div>\n\n\n\n<div class=\"wp-block-columns landing-oz-next is-layout-flex wp-container-core-columns-is-layout-9d6595d7 wp-block-columns-is-layout-flex\">\n<div class=\"wp-block-column lnading-other-adress is-layout-flow wp-block-column-is-layout-flow\">\n\n<div id=\"wk-grid7a1\" class=\"uk-grid-width-1-1 uk-grid-width-small-1-1 uk-grid-width-medium-1-1 uk-grid-width-large-1-2 uk-grid-width-xlarge-1-2 uk-grid uk-grid-match uk-text-left \" data-uk-grid-match=\"{target:'> div > .uk-panel', row:true}\" data-uk-grid-margin  data-uk-scrollspy=\"{cls:'uk-animation-scale-up uk-invisible', target:'> div > .uk-panel', delay:300}\">\n\n\n    <div>\n        <div class=\"uk-panel uk-invisible\">\n\n            \n            \n                        <div class=\"uk-text-center uk-margin uk-margin-top-remove\"><img decoding=\"async\" data-src=\"\/wp-content\/uploads\/2025\/05\/bildmarke_blau.png\" alt=\"PRAXIS\" width=\"96\" height=\"91\" title=\"Zahnarzt Dr. Benner\" src=\"data:image\/svg+xml;base64,PHN2ZyB3aWR0aD0iMSIgaGVpZ2h0PSIxIiB4bWxucz0iaHR0cDovL3d3dy53My5vcmcvMjAwMC9zdmciPjwvc3ZnPg==\" class=\"lazyload\" style=\"--smush-placeholder-width: 96px; --smush-placeholder-aspect-ratio: 96\/91;\"><\/div>\n            \n            \n            \n            \n            \n                        <div class=\"uk-margin\"><div id=\"kontakt_\">.<\/div>\n<h5>PRAXIS DR. BENNER<\/h5>\n<span>Landstr. 23 | 50374 Erftstadt<br>\nTel. 02235 &#8211; 6525<br><\/span><br>\n<a href=\"mailto:info@praxis-dr-benner.de\">info@praxis-dr-benner.de<\/a><br>\n\n<\/div>\n            \n            \n            \n            \n        <\/div>\n    <\/div>\n\n\n<\/div>\n\n<script>\n(function($){\n\n    \/\/ get the images of the gallery and replace it by a canvas of the same size to fix the problem with overlapping images on load.\n    $('img[width][height]:not(.uk-overlay-panel)', $('#wk-grid7a1')).each(function() {\n\n        var $img = $(this);\n\n        if (this.width == 'auto' || this.height == 'auto' || !$img.is(':visible')) {\n            return;\n        }\n\n        var $canvas = $('<canvas class=\"uk-responsive-width\"><\/canvas>').attr({width:$img.attr('width'), height:$img.attr('height')}),\n            img = new Image,\n            release = function() {\n                $canvas.remove();\n                $img.css('display', '');\n                release = function(){};\n            };\n\n        $img.css('display', 'none').after($canvas);\n\n        $(img).on('load', function(){ release(); });\n        setTimeout(function(){ release(); }, 1000);\n\n        img.src = this.src;\n\n    });\n\n})(jQuery);\n<\/script>\n\n<\/div>\n\n\n\n<div class=\"wp-block-column is-layout-flow wp-block-column-is-layout-flow\">\n\n<div id=\"wk-grid05a\" class=\"uk-grid-width-1-1 uk-grid-width-small-1-1 uk-grid-width-medium-1-1 uk-grid-width-large-1-2 uk-grid-width-xlarge-1-2 uk-grid uk-grid-match uk-text-left landigpage-oz\" data-uk-grid-match=\"{target:'> div > .uk-panel', row:true}\" data-uk-grid-margin  data-uk-scrollspy=\"{cls:'uk-animation-scale-up uk-invisible', target:'> div > .uk-panel', delay:300}\">\n\n\n    <div>\n        <div class=\"uk-panel uk-invisible\">\n\n            \n            \n            \n            \n                        <h3 class=\"uk-panel-title\">\n\n                                    \u00d6ffnungszeiten                \n                \n            <\/h3>\n            \n            \n            \n                        <div class=\"uk-margin\"><div class=\"\">\n<div id=\"oeffnungszeiten_\">.<\/div>\n<table>\n<tbody>\n<tr>\n<td>Montag<\/td>\n<td>07:30 &#8211; 19:30 Uhr<\/td>\n<\/tr>\n<tr>\n<td>Dienstag<\/td>\n<td>07:30 &#8211; 19:30 Uhr<\/td>\n<\/tr>\n<tr>\n<td>Mittwoch<\/td>\n<td>07:30 &#8211; 17:00 Uhr<\/td>\n<\/tr>\n<tr>\n<td>Donnerstag<\/td>\n<td>07:30 &#8211; 19:30 Uhr<\/td>\n<\/tr>\n<tr>\n<td>Freitag<\/td>\n<td>07:30 &#8211; 13:30 Uhr<\/td>\n<\/tr>\n<\/tbody>\n<\/table><\/div>\n<\/div>\n            \n            \n            \n            \n        <\/div>\n    <\/div>\n\n\n<\/div>\n\n<script>\n(function($){\n\n    \/\/ get the images of the gallery and replace it by a canvas of the same size to fix the problem with overlapping images on load.\n    $('img[width][height]:not(.uk-overlay-panel)', $('#wk-grid05a')).each(function() {\n\n        var $img = $(this);\n\n        if (this.width == 'auto' || this.height == 'auto' || !$img.is(':visible')) {\n            return;\n        }\n\n        var $canvas = $('<canvas class=\"uk-responsive-width\"><\/canvas>').attr({width:$img.attr('width'), height:$img.attr('height')}),\n            img = new Image,\n            release = function() {\n                $canvas.remove();\n                $img.css('display', '');\n                release = function(){};\n            };\n\n        $img.css('display', 'none').after($canvas);\n\n        $(img).on('load', function(){ release(); });\n        setTimeout(function(){ release(); }, 1000);\n\n        img.src = this.src;\n\n    });\n\n})(jQuery);\n<\/script>\n\n<\/div>\n\n\n\n<div class=\"wp-block-column is-vertically-aligned-bottom is-layout-flow wp-block-column-is-layout-flow\">\n\n<div id=\"wk-grid5a1\" class=\"uk-grid-width-1-1 uk-grid-width-small-1-1 uk-grid-width-medium-1-1 uk-grid-width-large-1-2 uk-grid-width-xlarge-1-2 uk-grid uk-grid-match uk-text-left jameda-content\" data-uk-grid-match=\"{target:'> div > .uk-panel', row:true}\" data-uk-grid-margin  data-uk-scrollspy=\"{cls:'uk-animation-scale-up uk-invisible', target:'> div > .uk-panel', delay:300}\">\n\n\n    <div>\n        <div class=\"uk-panel uk-invisible\">\n\n            \n            \n            \n            \n            \n            \n            \n                        <div class=\"uk-margin\"><p><script src=\"https:\/\/cdn1.jameda-elements.de\/widgets\/siegel\/81611361_1\/1733868\/\" type=\"text\/javascript\" async><\/script><\/p>\n<div id=\"jameda-widget-container1733868\" style=\"position:relative; width:272px; height:168px; margin:15px; background-image:inherit; background-repeat:no-repeat; font-family:Arial, Helvetica, sans-serif; font-size:12px; line-height:15px;\" data-bg-image=\"url(https:\/\/cdn1.jameda-elements.de\/premium\/widgets\/_images\/top10-top20-bg.png)\" class=\"lazyload\">\n<div style=\"position:absolute; top:25px; left:108px; width:148px; height:58px; overflow:hidden; white-space:normal;\"><a href=\"https:\/\/www.jameda.de\/erftstadt\/zahnaerzte\/endodontologie-wurzelbehandlung\/dr-marcel-benner\/uebersicht\/81611361_1\/?utm_content=Top5&amp;utm_source=Kunden-Homepages&amp;utm_medium=Badges&amp;utm_term=81611361&amp;utm_campaign=Badges\" style=\"font-size:15px; line-height:18px; font-weight:bold; color:#01a3d4; text-decoration:none; border:0px;\" target=\"_blank\" rel=\"noopener\">Dr. med. dent. Marcel Benner<\/a><\/div>\n<div style=\"position:absolute; top:98px; left:108px; width:152px; height:53px; overflow:hidden; color:#888; font-size:11px; line-height:13px;\"><strong><\/strong><br \/>in Erftstadt auf&nbsp;<a href=\"https:\/\/www.jameda.de\/erftstadt\/aerzte\/gruppe\/?utm_content=Top5&amp;utm_source=Kunden-Homepages&amp;utm_medium=Badges&amp;utm_term=81611361&amp;utm_campaign=Badges\" class=\"jam_link_check\" style=\"color:#069bd2; font-size:11px; text-decoration:none; border:0px; background-color:transparent !important;\" target=\"_blank\" rel=\"noopener\">jameda<\/a><\/div>\n<\/div>\n<\/div>\n            \n            \n            \n            \n        <\/div>\n    <\/div>\n\n\n<\/div>\n\n<script>\n(function($){\n\n    \/\/ get the images of the gallery and replace it by a canvas of the same size to fix the problem with overlapping images on load.\n    $('img[width][height]:not(.uk-overlay-panel)', $('#wk-grid5a1')).each(function() {\n\n        var $img = $(this);\n\n        if (this.width == 'auto' || this.height == 'auto' || !$img.is(':visible')) {\n            return;\n        }\n\n        var $canvas = $('<canvas class=\"uk-responsive-width\"><\/canvas>').attr({width:$img.attr('width'), height:$img.attr('height')}),\n            img = new Image,\n            release = function() {\n                $canvas.remove();\n                $img.css('display', '');\n                release = function(){};\n            };\n\n        $img.css('display', 'none').after($canvas);\n\n        $(img).on('load', function(){ release(); });\n        setTimeout(function(){ release(); }, 1000);\n\n        img.src = this.src;\n\n    });\n\n})(jQuery);\n<\/script>\n\n<\/div>\n<\/div>\n\n\n\n<div style=\"height:39px\" aria-hidden=\"true\" class=\"wp-block-spacer\"><\/div>\n<\/div><\/div>\n\n\n\n<p><\/p>\n","protected":false},"excerpt":{"rendered":"<p>CEREC GENAU das richtige Ergebnis. Durch die Digitalisierung haben wir auch in der Zahnmedizin immer neue M\u00f6glichkeiten. Pr\u00e4ziseres Arbeiten durch hochaufl\u00f6sende Scans, hygienischere Arbeitsbedingungen und weitaus mehr Komfort fu\u0308r unsere Patientinnen und Patienten sowie ein h\u00f6heres Ma\u00df an \u00c4sthetik zeichnen die neuen Arbeitsweisen aus. Immer mehr h\u00e4lt die Digitalisierung auch in der Zahnmedizin Einzug. Hochaufl\u00f6sende [&hellip;]<\/p>\n","protected":false},"author":1,"featured_media":0,"parent":165,"menu_order":0,"comment_status":"closed","ping_status":"closed","template":"","meta":{"_custom_body_class":"landingpage","_custom_post_class":"","footnotes":""},"class_list":["post-256","page","type-page","status-publish","hentry"],"_links":{"self":[{"href":"https:\/\/praxis-dr-benner.de\/en\/wp-json\/wp\/v2\/pages\/256","targetHints":{"allow":["GET"]}}],"collection":[{"href":"https:\/\/praxis-dr-benner.de\/en\/wp-json\/wp\/v2\/pages"}],"about":[{"href":"https:\/\/praxis-dr-benner.de\/en\/wp-json\/wp\/v2\/types\/page"}],"author":[{"embeddable":true,"href":"https:\/\/praxis-dr-benner.de\/en\/wp-json\/wp\/v2\/users\/1"}],"replies":[{"embeddable":true,"href":"https:\/\/praxis-dr-benner.de\/en\/wp-json\/wp\/v2\/comments?post=256"}],"version-history":[{"count":13,"href":"https:\/\/praxis-dr-benner.de\/en\/wp-json\/wp\/v2\/pages\/256\/revisions"}],"predecessor-version":[{"id":993,"href":"https:\/\/praxis-dr-benner.de\/en\/wp-json\/wp\/v2\/pages\/256\/revisions\/993"}],"up":[{"embeddable":true,"href":"https:\/\/praxis-dr-benner.de\/en\/wp-json\/wp\/v2\/pages\/165"}],"wp:attachment":[{"href":"https:\/\/praxis-dr-benner.de\/en\/wp-json\/wp\/v2\/media?parent=256"}],"curies":[{"name":"wp","href":"https:\/\/api.w.org\/{rel}","templated":true}]}}