{"id":263,"date":"2021-04-21T14:05:55","date_gmt":"2021-04-21T12:05:55","guid":{"rendered":"https:\/\/praxis-dr-benner.de\/?page_id=263"},"modified":"2025-05-12T14:59:14","modified_gmt":"2025-05-12T12:59:14","slug":"asthetische-zahnheilkunde","status":"publish","type":"page","link":"https:\/\/praxis-dr-benner.de\/en\/leistungen\/asthetische-zahnheilkunde\/","title":{"rendered":"\u00c4sthetische Zahnheilkunde"},"content":{"rendered":"\n<figure class=\"wp-block-image size-full\"><img decoding=\"async\" width=\"1920\" height=\"436\" data-src=\"https:\/\/praxis-dr-benner.de\/wp-content\/uploads\/2021\/06\/header_aesthetischeZHK.jpg\" alt=\"Zahnarzt Dr. Benner\" class=\"wp-image-472 lazyload\" title=\"Zahnarzt Dr. Benner\" data-srcset=\"https:\/\/praxis-dr-benner.de\/wp-content\/uploads\/2021\/06\/header_aesthetischeZHK.jpg 1920w, https:\/\/praxis-dr-benner.de\/wp-content\/uploads\/2021\/06\/header_aesthetischeZHK-300x68.jpg 300w, https:\/\/praxis-dr-benner.de\/wp-content\/uploads\/2021\/06\/header_aesthetischeZHK-1024x233.jpg 1024w, https:\/\/praxis-dr-benner.de\/wp-content\/uploads\/2021\/06\/header_aesthetischeZHK-768x174.jpg 768w, https:\/\/praxis-dr-benner.de\/wp-content\/uploads\/2021\/06\/header_aesthetischeZHK-1536x349.jpg 1536w\" data-sizes=\"(max-width: 1920px) 100vw, 1920px\" src=\"data:image\/svg+xml;base64,PHN2ZyB3aWR0aD0iMSIgaGVpZ2h0PSIxIiB4bWxucz0iaHR0cDovL3d3dy53My5vcmcvMjAwMC9zdmciPjwvc3ZnPg==\" style=\"--smush-placeholder-width: 1920px; --smush-placeholder-aspect-ratio: 1920\/436;\" \/><\/figure>\n\n\n\n<div class=\"wp-block-group fixed-size\"><div class=\"wp-block-group__inner-container is-layout-flow wp-block-group-is-layout-flow\">\n<div style=\"height:35px\" aria-hidden=\"true\" class=\"wp-block-spacer\"><\/div>\n\n\n\n<h2 class=\"wp-block-heading\">\u00c4sthetische Zahnheilkunde<\/h2>\n\n\n\n<p>Der \u00c4sthetik wird in der Zahnmedizin ein immer gr\u00f6\u00dferer Stellenwert zugeschrieben. Gerade stehende Z\u00e4hne und ein wei\u00dfes L\u00e4cheln gelten als Zeichen von Hygiene, Selbstbewusstsein und einem hohen gesellschaftlichen Stellenwert.<\/p>\n\n\n\n<div class=\"wp-block-group fixed-size\"><div class=\"wp-block-group__inner-container is-layout-flow wp-block-group-is-layout-flow\">\n<div style=\"height:40px\" aria-hidden=\"true\" class=\"wp-block-spacer\"><\/div>\n\n\n\n<div class=\"wp-block-columns is-layout-flex wp-container-core-columns-is-layout-9d6595d7 wp-block-columns-is-layout-flex\">\n<div class=\"wp-block-column is-vertically-aligned-center is-layout-flow wp-block-column-is-layout-flow\">\n<p>\u00dcberall auf der Welt ist das L\u00e4cheln Ausdruck von positivem Entgegenkommen und Offenheit. Es ist unsere Visitenkarte und einer der ersten Eindru\u0308cke, die wir von uns preisgeben.<br>Deshalb ku\u0308mmern wir uns darum, dass Sie der Welt ein strahlend wei\u00dfes L\u00e4cheln mit geraden Z\u00e4hnen schenken k\u00f6nnen. Sei es durch die Korrektur der Zahnstellung oder das Aufhellen der Z\u00e4hne &#8211; wir sind fu\u0308r Sie da.<\/p>\n<\/div>\n\n\n\n<div class=\"wp-block-column online-termin is-layout-flow wp-block-column-is-layout-flow\">\n<div class=\"wp-block-group border-kreis\"><div class=\"wp-block-group__inner-container is-layout-flow wp-block-group-is-layout-flow\">\n<p class=\"has-text-align-center kreis-bunt-h\">Online<br>Terminvereinbarung<\/p>\n\n\n<div class=\"drflex-button-wrapper\">\n        <a href=\"javascript:toggleDrFlexAppointments()\">\n            <div class=\"drflex-button\"\n                style=\"border-radius: 1em;\n                    background-color: #68e697;\n                    color: #ffffff;\n                    padding: 1em;\">Termin online buchen\n            <\/div>\n        <\/a>\n    <\/div>\n\n\n\n<p class=\"has-text-align-center p-kreis\"><strong>oder telefonisch<\/strong><\/p>\n\n\n\n<p class=\"has-text-align-center p-kreis\"><strong>Tel. 02235 &#8211; 6525<\/strong><\/p>\n<\/div><\/div>\n<\/div>\n<\/div>\n\n\n\n<div style=\"height:20px\" aria-hidden=\"true\" class=\"wp-block-spacer\"><\/div>\n<\/div><\/div>\n<\/div><\/div>\n\n\n\n<div class=\"wp-block-group full-size light-blue\"><div class=\"wp-block-group__inner-container is-layout-flow wp-block-group-is-layout-flow\">\n<div style=\"height:46px\" aria-hidden=\"true\" class=\"wp-block-spacer\"><\/div>\n\n\n\n<div class=\"wp-block-columns fixed-size zahn-template is-layout-flex wp-container-core-columns-is-layout-9d6595d7 wp-block-columns-is-layout-flex\">\n<div class=\"wp-block-column is-vertically-aligned-top is-layout-flow wp-block-column-is-layout-flow\" style=\"flex-basis:40%\"><div class=\"wp-block-image\">\n<figure class=\"alignleft size-full\"><img decoding=\"async\" width=\"418\" height=\"262\" data-src=\"https:\/\/praxis-dr-benner.de\/wp-content\/uploads\/2021\/05\/aesthethischeZHK_content01.jpg\" alt=\"Zahnarzt Dr. Benner\" class=\"wp-image-342 lazyload\" title=\"Zahnarzt Dr. Benner\" data-srcset=\"https:\/\/praxis-dr-benner.de\/wp-content\/uploads\/2021\/05\/aesthethischeZHK_content01.jpg 418w, https:\/\/praxis-dr-benner.de\/wp-content\/uploads\/2021\/05\/aesthethischeZHK_content01-300x188.jpg 300w\" data-sizes=\"(max-width: 418px) 100vw, 418px\" src=\"data:image\/svg+xml;base64,PHN2ZyB3aWR0aD0iMSIgaGVpZ2h0PSIxIiB4bWxucz0iaHR0cDovL3d3dy53My5vcmcvMjAwMC9zdmciPjwvc3ZnPg==\" style=\"--smush-placeholder-width: 418px; --smush-placeholder-aspect-ratio: 418\/262;\" \/><\/figure>\n<\/div>\n\n\n<h4 class=\"wp-block-heading\">Die Zahnspange fu\u0308r Erwachsene<\/h4>\n\n\n\n<p>Neben typgerechtem Zahnersatz wie Kronen oder Veneers bieten wir fu\u0308r erwachsene Patienten Zahnkorrekturen durch unsichtbare Schienen an. Diese sogenannten Aligner bringen schief stehende Z\u00e4hne in Reih und Glied. Dadurch k\u00f6nnen entweder Lu\u0308cken geschlossen oder Verschachtelungen aufgehoben werden. Je nach Umfang der Korrektur werden diese Schienen 3 &#8211; 12 Monate getragen. Sie sind fu\u0308r das ungeu\u0308bte Auge kaum sichtbar und werden tagsu\u0308ber und nachts getragen. So werden die Z\u00e4hne schonend in die endgu\u0308ltige Position geschoben, welche abschlie\u00dfend durch eine sogenannte Retainerschiene stabilisiert wird.<\/p>\n<\/div>\n\n\n\n<div class=\"wp-block-column is-vertically-aligned-center is-layout-flow wp-block-column-is-layout-flow\" style=\"flex-basis:40%\"><div class=\"wp-block-image\">\n<figure class=\"alignleft size-large\"><img decoding=\"async\" width=\"418\" height=\"262\" data-src=\"https:\/\/praxis-dr-benner.de\/wp-content\/uploads\/2021\/06\/aesthethischeZHK_content02.png\" alt=\"Zahnarzt Dr. Benner\" class=\"wp-image-474 lazyload\" title=\"Zahnarzt Dr. Benner\" data-srcset=\"https:\/\/praxis-dr-benner.de\/wp-content\/uploads\/2021\/06\/aesthethischeZHK_content02.png 418w, https:\/\/praxis-dr-benner.de\/wp-content\/uploads\/2021\/06\/aesthethischeZHK_content02-300x188.png 300w\" data-sizes=\"(max-width: 418px) 100vw, 418px\" src=\"data:image\/svg+xml;base64,PHN2ZyB3aWR0aD0iMSIgaGVpZ2h0PSIxIiB4bWxucz0iaHR0cDovL3d3dy53My5vcmcvMjAwMC9zdmciPjwvc3ZnPg==\" style=\"--smush-placeholder-width: 418px; --smush-placeholder-aspect-ratio: 418\/262;\" \/><\/figure>\n<\/div>\n\n\n<h4 class=\"wp-block-heading\">Wei\u00dfe Z\u00e4hne<\/h4>\n\n\n\n<p>Durch verschiedene Aufhellungsverfahren k\u00f6nnen wir entweder die komplette Zahnreihe wei\u00dfer gestalten, oder einzelne, durch Wurzelkanalbehandlungen verf\u00e4rbte Z\u00e4hne, farblich anpassen. Eine vorab durchgefu\u0308hrte Professionelle Zahnreinigung ist wichtig, um ein gleichm\u00e4\u00dfiges Ergebnis zu erzielen und Verf\u00e4rbungen, die sich durch Nahrungsbestandteile auf den Z\u00e4hnen abgelagert haben, zu entfernen. Sollten Sie Fu\u0308llungen im sichtbaren Bereich haben, kann es n\u00f6tig sein, diese nach der Behandlung auszutauschen, da sich die Fu\u0308llungsmaterialien nicht mit aufhellen werden. Eine gewissenhafte Untersuchung und Aufkl\u00e4rung sorgt daher dafu\u0308r, unsch\u00f6ne \u00dcberraschungen zu verhindern.<\/p>\n<\/div>\n<\/div>\n\n\n\n<div style=\"height:21px\" aria-hidden=\"true\" class=\"wp-block-spacer\"><\/div>\n<\/div><\/div>\n\n\n\n<div class=\"wp-block-group full-size back-img-zahn\"><div class=\"wp-block-group__inner-container is-layout-flow wp-block-group-is-layout-flow\">\n<h3 class=\"wp-block-heading has-text-align-center\">Genau mein Service.<\/h3>\n\n\n\n<hr class=\"wp-block-separator has-css-opacity\"\/>\n\n\n\n<h5 class=\"wp-block-heading has-text-align-center\">Jetzt einen Termin in <br>unserer Praxis vereinbaren.<\/h5>\n\n\n<div class=\"drflex-button-wrapper\">\n        <a href=\"javascript:toggleDrFlexAppointments()\">\n            <div class=\"drflex-button\"\n                style=\"border-radius: 1em;\n                    background-color: #68e697;\n                    color: #ffffff;\n                    padding: 1em;\">Termin online buchen\n            <\/div>\n        <\/a>\n    <\/div>\n\n\n\n<p class=\"has-text-align-center\">oder telefonisch Tel. 02235 &#8211; 6525<\/p>\n<\/div><\/div>\n\n\n\n<div class=\"wp-block-group fixed-size\"><div class=\"wp-block-group__inner-container is-layout-flow wp-block-group-is-layout-flow\">\n<div style=\"height:35px\" aria-hidden=\"true\" class=\"wp-block-spacer\"><\/div>\n\n\n\n<h4 class=\"wp-block-heading\">Veneers<\/h4>\n\n\n\n<p>Gerade, wenn es im Frontbereich schon viele Fu\u0308llungen gibt, macht es Sinn, die Z\u00e4hne mit hauchdu\u0308nnen Keramikschalen, sogenannten Veneers, zu versehen. Diese haben den Vorteil, dass nur ein Hauch der Zahnsubstanz abgeschliffen werden muss. Gleichzeitig verdecken sie eventuell vorhandene Fu\u0308llungen und k\u00f6nnen gewisse Schiefst\u00e4nde ausgleichen. Welche Behandlungsart am besten zu Ihnen passt, muss individuell er\u00f6rtert<br>werden. Hierzu bieten wir eine spezielle \u00c4sthetikberatung an.<\/p>\n\n\n\n<div style=\"height:35px\" aria-hidden=\"true\" class=\"wp-block-spacer\"><\/div>\n\n\n\n<div data-uk-slideset=\"{default: 1,small: 2,medium: 2,large: 3}\">\n\n    \n    <div class=\"uk-slidenav-position uk-margin\">\n\n        <ul class=\"uk-slideset uk-grid uk-grid-match uk-flex-center uk-grid-width-1-1 uk-grid-width-small-1-2 uk-grid-width-medium-1-2 uk-grid-width-large-1-3\">\n        \n            <li>\n\n                <div class=\"uk-panel uk-text-center\">\n\n                    \n                    \n                                        <div class=\"uk-text-center uk-panel-teaser\"><img decoding=\"async\" data-src=\"\/wp-content\/uploads\/2021\/05\/content_slider_01.jpg\" class=\"uk-overlay-scale lazyload\" alt=\"Zahn G1\" title=\"Zahnarzt Dr. Benner\" src=\"data:image\/svg+xml;base64,PHN2ZyB3aWR0aD0iMSIgaGVpZ2h0PSIxIiB4bWxucz0iaHR0cDovL3d3dy53My5vcmcvMjAwMC9zdmciPjwvc3ZnPg==\" style=\"--smush-placeholder-width: 376px; --smush-placeholder-aspect-ratio: 376\/262;\"><\/div>\n                    \n                    \n                    \n                    \n                    \n                    \n                    \n                <\/div>\n\n            <\/li>\n\n        \n            <li>\n\n                <div class=\"uk-panel uk-text-center\">\n\n                    \n                    \n                                        <div class=\"uk-text-center uk-panel-teaser\"><img decoding=\"async\" data-src=\"\/wp-content\/uploads\/2021\/05\/content_slider_02.jpg\" class=\"uk-overlay-scale lazyload\" alt=\"Zahn G2\" title=\"Zahnarzt Dr. Benner\" src=\"data:image\/svg+xml;base64,PHN2ZyB3aWR0aD0iMSIgaGVpZ2h0PSIxIiB4bWxucz0iaHR0cDovL3d3dy53My5vcmcvMjAwMC9zdmciPjwvc3ZnPg==\" style=\"--smush-placeholder-width: 376px; --smush-placeholder-aspect-ratio: 376\/262;\"><\/div>\n                    \n                    \n                    \n                    \n                    \n                    \n                    \n                <\/div>\n\n            <\/li>\n\n        \n            <li>\n\n                <div class=\"uk-panel uk-text-center\">\n\n                    \n                    \n                                        <div class=\"uk-text-center uk-panel-teaser\"><img decoding=\"async\" data-src=\"\/wp-content\/uploads\/2021\/05\/content_slider_03.jpg\" class=\"uk-overlay-scale lazyload\" alt=\"Zahn G3\" title=\"Zahnarzt Dr. Benner\" src=\"data:image\/svg+xml;base64,PHN2ZyB3aWR0aD0iMSIgaGVpZ2h0PSIxIiB4bWxucz0iaHR0cDovL3d3dy53My5vcmcvMjAwMC9zdmciPjwvc3ZnPg==\" style=\"--smush-placeholder-width: 376px; --smush-placeholder-aspect-ratio: 376\/262;\"><\/div>\n                    \n                    \n                    \n                    \n                    \n                    \n                    \n                <\/div>\n\n            <\/li>\n\n        \n            <li>\n\n                <div class=\"uk-panel uk-text-center\">\n\n                    \n                    \n                                        <div class=\"uk-text-center uk-panel-teaser\"><img decoding=\"async\" data-src=\"\/wp-content\/uploads\/2021\/05\/content_slider_04.jpg\" class=\"uk-overlay-scale lazyload\" alt=\"Zahn G4\" title=\"Zahnarzt Dr. Benner\" src=\"data:image\/svg+xml;base64,PHN2ZyB3aWR0aD0iMSIgaGVpZ2h0PSIxIiB4bWxucz0iaHR0cDovL3d3dy53My5vcmcvMjAwMC9zdmciPjwvc3ZnPg==\" style=\"--smush-placeholder-width: 376px; --smush-placeholder-aspect-ratio: 376\/262;\"><\/div>\n                    \n                    \n                    \n                    \n                    \n                    \n                    \n                <\/div>\n\n            <\/li>\n\n        \n            <li>\n\n                <div class=\"uk-panel uk-text-center\">\n\n                    \n                    \n                                        <div class=\"uk-text-center uk-panel-teaser\"><img decoding=\"async\" data-src=\"\/wp-content\/uploads\/2021\/05\/content_slider_05.jpg\" class=\"uk-overlay-scale lazyload\" alt=\"Zahn G5\" title=\"Zahnarzt Dr. Benner\" src=\"data:image\/svg+xml;base64,PHN2ZyB3aWR0aD0iMSIgaGVpZ2h0PSIxIiB4bWxucz0iaHR0cDovL3d3dy53My5vcmcvMjAwMC9zdmciPjwvc3ZnPg==\" style=\"--smush-placeholder-width: 376px; --smush-placeholder-aspect-ratio: 376\/262;\"><\/div>\n                    \n                    \n                    \n                    \n                    \n                    \n                    \n                <\/div>\n\n            <\/li>\n\n        \n            <li>\n\n                <div class=\"uk-panel uk-text-center\">\n\n                    \n                    \n                                        <div class=\"uk-text-center uk-panel-teaser\"><img decoding=\"async\" data-src=\"\/wp-content\/uploads\/2021\/05\/content_slider_06.jpg\" class=\"uk-overlay-scale lazyload\" alt=\"Zahn G6\" title=\"Zahnarzt Dr. Benner\" src=\"data:image\/svg+xml;base64,PHN2ZyB3aWR0aD0iMSIgaGVpZ2h0PSIxIiB4bWxucz0iaHR0cDovL3d3dy53My5vcmcvMjAwMC9zdmciPjwvc3ZnPg==\" style=\"--smush-placeholder-width: 376px; --smush-placeholder-aspect-ratio: 376\/262;\"><\/div>\n                    \n                    \n                    \n                    \n                    \n                    \n                    \n                <\/div>\n\n            <\/li>\n\n                <\/ul>\n\n        \n    <\/div>\n\n        <div class=\"uk-flex uk-flex-center uk-margin-top\">\n        <div class=\"uk-grid uk-grid-small\">\n            <div><a href=\"#\" class=\"uk-slidenav uk-slidenav-previous\" data-uk-slideset-item=\"previous\"><\/a><\/div>\n            <div><a href=\"#\" class=\"uk-slidenav uk-slidenav-next\" data-uk-slideset-item=\"next\"><\/a><\/div>\n        <\/div>\n    <\/div>\n    \n    \n    \n<\/div>\n\n<\/div><\/div>\n\n\n\n<div style=\"height:61px\" aria-hidden=\"true\" class=\"wp-block-spacer\"><\/div>\n\n\n\n<div class=\"wp-block-group full-size light-blue\"><div class=\"wp-block-group__inner-container is-layout-flow wp-block-group-is-layout-flow\">\n<div style=\"height:46px\" aria-hidden=\"true\" class=\"wp-block-spacer\"><\/div>\n\n\n\n<h2 class=\"wp-block-heading fixed-size\">Genau meine Praxis.<\/h2>\n\n\n\n<div class=\"wp-block-columns fixed-size zahn-template is-layout-flex wp-container-core-columns-is-layout-9d6595d7 wp-block-columns-is-layout-flex\">\n<div class=\"wp-block-column is-vertically-aligned-top is-layout-flow wp-block-column-is-layout-flow\" style=\"flex-basis:40%\">\n<ul class=\"wp-block-list\">\n<li>Wohlf\u00fchlatmosph\u00e4re<\/li>\n<\/ul>\n\n\n\n<p>Durch ein entspanntes Miteinander unter den Mitarbeitern, aber genauso im Umgang mit Ihnen als Patient, wird die Behandlung so komfortabel wie m\u00f6glich gestaltet. Auch abseits der reinen Behandlung bieten wir Ihnen eine Vielzahl an Services: Online-Terminvergabe und klimatisierte R\u00e4umlichkeiten d\u00fcrfen heute in einer dienstleistungsorientierten Praxis nicht fehlen.<\/p>\n<\/div>\n\n\n\n<div class=\"wp-block-column is-vertically-aligned-top is-layout-flow wp-block-column-is-layout-flow\" style=\"flex-basis:40%\">\n<ul class=\"wp-block-list\">\n<li>Eigenlabor<\/li>\n<\/ul>\n\n\n\n<p>Durch das praxisinterne Labor k\u00f6nnen kleine Reparaturen vor Ort durchgef\u00fchrt werden. Auch kann f\u00fcr die Farbbestimmung bei Kronen oder Br\u00fccken der Techniker aus dem Nebenraum mit draufschauen. Diese direkte Abstimmung zwischen Zahntechniker und Zahnarzt gibt uns die M\u00f6glichkeit, das perfekte Ergebnis f\u00fcr Sie zu erzielen.<\/p>\n<\/div>\n<\/div>\n\n\n\n<div class=\"wp-block-columns fixed-size zahn-template is-layout-flex wp-container-core-columns-is-layout-9d6595d7 wp-block-columns-is-layout-flex\">\n<div class=\"wp-block-column is-vertically-aligned-top is-layout-flow wp-block-column-is-layout-flow\" style=\"flex-basis:40%\">\n<ul class=\"wp-block-list\">\n<li>Ratenzahlung<\/li>\n<\/ul>\n\n\n\n<p>Diesen Service bieten wir Ihnen \u00fcber eine Kooperation mit der Health AG an. 12 Monate haben Sie die M\u00f6glichkeit, komplett zinslos abzuzahlen. Scheuen Sie sich nicht, uns anzusprechen!<\/p>\n<\/div>\n\n\n\n<div class=\"wp-block-column is-vertically-aligned-top is-layout-flow wp-block-column-is-layout-flow\" style=\"flex-basis:40%\">\n<ul class=\"wp-block-list\">\n<li>Zahnzusatzversicherung<\/li>\n<\/ul>\n\n\n\n<p>Viele Patienten sind \u00fcberfordert mit der Suche nach der richtigen Zahnzusatzversicherung \u2013 die undurchschaubare Vielzahl an m\u00f6glichen Vertr\u00e4gen ist f\u00fcr Fachfremde einfach zu gro\u00df.<\/p>\n\n\n\n<p><em>Als Praxis d\u00fcrfen wir keine explizite Vertragsempfehlung aussprechen, jedoch nehmen wir uns gerne die Zeit, Ihre Fragen zu diesem komplexen Thema zu beantworten.<\/em><\/p>\n<\/div>\n<\/div>\n\n\n\n<div style=\"height:45px\" aria-hidden=\"true\" class=\"wp-block-spacer\"><\/div>\n<\/div><\/div>\n\n\n\n<div class=\"wp-block-group full-size back-img-zahn-blue\"><div class=\"wp-block-group__inner-container is-layout-flow wp-block-group-is-layout-flow\">\n<h3 class=\"wp-block-heading has-text-align-center\">Haben Sie noch Fragen?<\/h3>\n\n\n\n<p class=\"has-text-align-center\">Wir freuen uns, Sie zu unserem Leistungsportfolio im Rahmen der \u00e4sthetischen Zahnheilkunde beraten zu d\u00fcrfen. Rufen Sie uns gerne an oder vereinbaren Sie direkt ein Erstgespr\u00e4ch bei unseren Behandlern von zahnmedizin rheinland in Erftstadt.\u00a0<\/p>\n\n\n<div class=\"drflex-button-wrapper\">\n        <a href=\"javascript:toggleDrFlexAppointments()\">\n            <div class=\"drflex-button\"\n                style=\"border-radius: 1em;\n                    background-color: #68e697;\n                    color: #ffffff;\n                    padding: 1em;\">Termin online buchen\n            <\/div>\n        <\/a>\n    <\/div>\n<\/div><\/div>\n\n\n\n<div class=\"wp-block-group fixed-size\"><div class=\"wp-block-group__inner-container is-layout-flow wp-block-group-is-layout-flow\">\n<div style=\"height:50px\" aria-hidden=\"true\" class=\"wp-block-spacer\"><\/div>\n\n\n\n<div class=\"wp-block-columns landing-oz-next is-layout-flex wp-container-core-columns-is-layout-9d6595d7 wp-block-columns-is-layout-flex\">\n<div class=\"wp-block-column lnading-other-adress is-layout-flow wp-block-column-is-layout-flow\">\n\n<div id=\"wk-gridba9\" class=\"uk-grid-width-1-1 uk-grid-width-small-1-1 uk-grid-width-medium-1-1 uk-grid-width-large-1-2 uk-grid-width-xlarge-1-2 uk-grid uk-grid-match uk-text-left \" data-uk-grid-match=\"{target:'> div > .uk-panel', row:true}\" data-uk-grid-margin  data-uk-scrollspy=\"{cls:'uk-animation-scale-up uk-invisible', target:'> div > .uk-panel', delay:300}\">\n\n\n    <div>\n        <div class=\"uk-panel uk-invisible\">\n\n            \n            \n                        <div class=\"uk-text-center uk-margin uk-margin-top-remove\"><img decoding=\"async\" data-src=\"\/wp-content\/uploads\/2025\/05\/bildmarke_blau.png\" alt=\"PRAXIS\" width=\"96\" height=\"91\" title=\"Zahnarzt Dr. Benner\" src=\"data:image\/svg+xml;base64,PHN2ZyB3aWR0aD0iMSIgaGVpZ2h0PSIxIiB4bWxucz0iaHR0cDovL3d3dy53My5vcmcvMjAwMC9zdmciPjwvc3ZnPg==\" class=\"lazyload\" style=\"--smush-placeholder-width: 96px; --smush-placeholder-aspect-ratio: 96\/91;\"><\/div>\n            \n            \n            \n            \n            \n                        <div class=\"uk-margin\"><div id=\"kontakt_\">.<\/div>\n<h5>PRAXIS DR. BENNER<\/h5>\n<span>Landstr. 23 | 50374 Erftstadt<br>\nTel. 02235 &#8211; 6525<br><\/span><br>\n<a href=\"mailto:info@praxis-dr-benner.de\">info@praxis-dr-benner.de<\/a><br>\n\n<\/div>\n            \n            \n            \n            \n        <\/div>\n    <\/div>\n\n\n<\/div>\n\n<script>\n(function($){\n\n    \/\/ get the images of the gallery and replace it by a canvas of the same size to fix the problem with overlapping images on load.\n    $('img[width][height]:not(.uk-overlay-panel)', $('#wk-gridba9')).each(function() {\n\n        var $img = $(this);\n\n        if (this.width == 'auto' || this.height == 'auto' || !$img.is(':visible')) {\n            return;\n        }\n\n        var $canvas = $('<canvas class=\"uk-responsive-width\"><\/canvas>').attr({width:$img.attr('width'), height:$img.attr('height')}),\n            img = new Image,\n            release = function() {\n                $canvas.remove();\n                $img.css('display', '');\n                release = function(){};\n            };\n\n        $img.css('display', 'none').after($canvas);\n\n        $(img).on('load', function(){ release(); });\n        setTimeout(function(){ release(); }, 1000);\n\n        img.src = this.src;\n\n    });\n\n})(jQuery);\n<\/script>\n\n<\/div>\n\n\n\n<div class=\"wp-block-column is-layout-flow wp-block-column-is-layout-flow\">\n\n<div id=\"wk-grid513\" class=\"uk-grid-width-1-1 uk-grid-width-small-1-1 uk-grid-width-medium-1-1 uk-grid-width-large-1-2 uk-grid-width-xlarge-1-2 uk-grid uk-grid-match uk-text-left landigpage-oz\" data-uk-grid-match=\"{target:'> div > .uk-panel', row:true}\" data-uk-grid-margin  data-uk-scrollspy=\"{cls:'uk-animation-scale-up uk-invisible', target:'> div > .uk-panel', delay:300}\">\n\n\n    <div>\n        <div class=\"uk-panel uk-invisible\">\n\n            \n            \n            \n            \n                        <h3 class=\"uk-panel-title\">\n\n                                    \u00d6ffnungszeiten                \n                \n            <\/h3>\n            \n            \n            \n                        <div class=\"uk-margin\"><div class=\"\">\n<div id=\"oeffnungszeiten_\">.<\/div>\n<table>\n<tbody>\n<tr>\n<td>Montag<\/td>\n<td>07:30 &#8211; 19:30 Uhr<\/td>\n<\/tr>\n<tr>\n<td>Dienstag<\/td>\n<td>07:30 &#8211; 19:30 Uhr<\/td>\n<\/tr>\n<tr>\n<td>Mittwoch<\/td>\n<td>07:30 &#8211; 17:00 Uhr<\/td>\n<\/tr>\n<tr>\n<td>Donnerstag<\/td>\n<td>07:30 &#8211; 19:30 Uhr<\/td>\n<\/tr>\n<tr>\n<td>Freitag<\/td>\n<td>07:30 &#8211; 13:30 Uhr<\/td>\n<\/tr>\n<\/tbody>\n<\/table><\/div>\n<\/div>\n            \n            \n            \n            \n        <\/div>\n    <\/div>\n\n\n<\/div>\n\n<script>\n(function($){\n\n    \/\/ get the images of the gallery and replace it by a canvas of the same size to fix the problem with overlapping images on load.\n    $('img[width][height]:not(.uk-overlay-panel)', $('#wk-grid513')).each(function() {\n\n        var $img = $(this);\n\n        if (this.width == 'auto' || this.height == 'auto' || !$img.is(':visible')) {\n            return;\n        }\n\n        var $canvas = $('<canvas class=\"uk-responsive-width\"><\/canvas>').attr({width:$img.attr('width'), height:$img.attr('height')}),\n            img = new Image,\n            release = function() {\n                $canvas.remove();\n                $img.css('display', '');\n                release = function(){};\n            };\n\n        $img.css('display', 'none').after($canvas);\n\n        $(img).on('load', function(){ release(); });\n        setTimeout(function(){ release(); }, 1000);\n\n        img.src = this.src;\n\n    });\n\n})(jQuery);\n<\/script>\n\n<\/div>\n\n\n\n<div class=\"wp-block-column is-vertically-aligned-bottom is-layout-flow wp-block-column-is-layout-flow\">\n\n<div id=\"wk-gridbbf\" class=\"uk-grid-width-1-1 uk-grid-width-small-1-1 uk-grid-width-medium-1-1 uk-grid-width-large-1-2 uk-grid-width-xlarge-1-2 uk-grid uk-grid-match uk-text-left jameda-content\" data-uk-grid-match=\"{target:'> div > .uk-panel', row:true}\" data-uk-grid-margin  data-uk-scrollspy=\"{cls:'uk-animation-scale-up uk-invisible', target:'> div > .uk-panel', delay:300}\">\n\n\n    <div>\n        <div class=\"uk-panel uk-invisible\">\n\n            \n            \n            \n            \n            \n            \n            \n                        <div class=\"uk-margin\"><p><script src=\"https:\/\/cdn1.jameda-elements.de\/widgets\/siegel\/81611361_1\/1733868\/\" type=\"text\/javascript\" async><\/script><\/p>\n<div id=\"jameda-widget-container1733868\" style=\"position:relative; width:272px; height:168px; margin:15px; background-image:inherit; background-repeat:no-repeat; font-family:Arial, Helvetica, sans-serif; font-size:12px; line-height:15px;\" data-bg-image=\"url(https:\/\/cdn1.jameda-elements.de\/premium\/widgets\/_images\/top10-top20-bg.png)\" class=\"lazyload\">\n<div style=\"position:absolute; top:25px; left:108px; width:148px; height:58px; overflow:hidden; white-space:normal;\"><a href=\"https:\/\/www.jameda.de\/erftstadt\/zahnaerzte\/endodontologie-wurzelbehandlung\/dr-marcel-benner\/uebersicht\/81611361_1\/?utm_content=Top5&amp;utm_source=Kunden-Homepages&amp;utm_medium=Badges&amp;utm_term=81611361&amp;utm_campaign=Badges\" style=\"font-size:15px; line-height:18px; font-weight:bold; color:#01a3d4; text-decoration:none; border:0px;\" target=\"_blank\" rel=\"noopener\">Dr. med. dent. Marcel Benner<\/a><\/div>\n<div style=\"position:absolute; top:98px; left:108px; width:152px; height:53px; overflow:hidden; color:#888; font-size:11px; line-height:13px;\"><strong><\/strong><br \/>in Erftstadt auf&nbsp;<a href=\"https:\/\/www.jameda.de\/erftstadt\/aerzte\/gruppe\/?utm_content=Top5&amp;utm_source=Kunden-Homepages&amp;utm_medium=Badges&amp;utm_term=81611361&amp;utm_campaign=Badges\" class=\"jam_link_check\" style=\"color:#069bd2; font-size:11px; text-decoration:none; border:0px; background-color:transparent !important;\" target=\"_blank\" rel=\"noopener\">jameda<\/a><\/div>\n<\/div>\n<\/div>\n            \n            \n            \n            \n        <\/div>\n    <\/div>\n\n\n<\/div>\n\n<script>\n(function($){\n\n    \/\/ get the images of the gallery and replace it by a canvas of the same size to fix the problem with overlapping images on load.\n    $('img[width][height]:not(.uk-overlay-panel)', $('#wk-gridbbf')).each(function() {\n\n        var $img = $(this);\n\n        if (this.width == 'auto' || this.height == 'auto' || !$img.is(':visible')) {\n            return;\n        }\n\n        var $canvas = $('<canvas class=\"uk-responsive-width\"><\/canvas>').attr({width:$img.attr('width'), height:$img.attr('height')}),\n            img = new Image,\n            release = function() {\n                $canvas.remove();\n                $img.css('display', '');\n                release = function(){};\n            };\n\n        $img.css('display', 'none').after($canvas);\n\n        $(img).on('load', function(){ release(); });\n        setTimeout(function(){ release(); }, 1000);\n\n        img.src = this.src;\n\n    });\n\n})(jQuery);\n<\/script>\n\n<\/div>\n<\/div>\n\n\n\n<div style=\"height:39px\" aria-hidden=\"true\" class=\"wp-block-spacer\"><\/div>\n<\/div><\/div>\n\n\n\n<p><\/p>\n","protected":false},"excerpt":{"rendered":"<p>\u00c4sthetische Zahnheilkunde Der \u00c4sthetik wird in der Zahnmedizin ein immer gr\u00f6\u00dferer Stellenwert zugeschrieben. Gerade stehende Z\u00e4hne und ein wei\u00dfes L\u00e4cheln gelten als Zeichen von Hygiene, Selbstbewusstsein und einem hohen gesellschaftlichen Stellenwert. \u00dcberall auf der Welt ist das L\u00e4cheln Ausdruck von positivem Entgegenkommen und Offenheit. Es ist unsere Visitenkarte und einer der ersten Eindru\u0308cke, die wir [&hellip;]<\/p>\n","protected":false},"author":1,"featured_media":0,"parent":165,"menu_order":0,"comment_status":"closed","ping_status":"closed","template":"","meta":{"_custom_body_class":"landingpage","_custom_post_class":"","footnotes":""},"class_list":["post-263","page","type-page","status-publish","hentry"],"_links":{"self":[{"href":"https:\/\/praxis-dr-benner.de\/en\/wp-json\/wp\/v2\/pages\/263","targetHints":{"allow":["GET"]}}],"collection":[{"href":"https:\/\/praxis-dr-benner.de\/en\/wp-json\/wp\/v2\/pages"}],"about":[{"href":"https:\/\/praxis-dr-benner.de\/en\/wp-json\/wp\/v2\/types\/page"}],"author":[{"embeddable":true,"href":"https:\/\/praxis-dr-benner.de\/en\/wp-json\/wp\/v2\/users\/1"}],"replies":[{"embeddable":true,"href":"https:\/\/praxis-dr-benner.de\/en\/wp-json\/wp\/v2\/comments?post=263"}],"version-history":[{"count":12,"href":"https:\/\/praxis-dr-benner.de\/en\/wp-json\/wp\/v2\/pages\/263\/revisions"}],"predecessor-version":[{"id":991,"href":"https:\/\/praxis-dr-benner.de\/en\/wp-json\/wp\/v2\/pages\/263\/revisions\/991"}],"up":[{"embeddable":true,"href":"https:\/\/praxis-dr-benner.de\/en\/wp-json\/wp\/v2\/pages\/165"}],"wp:attachment":[{"href":"https:\/\/praxis-dr-benner.de\/en\/wp-json\/wp\/v2\/media?parent=263"}],"curies":[{"name":"wp","href":"https:\/\/api.w.org\/{rel}","templated":true}]}}