{"id":679,"date":"2022-03-08T12:30:33","date_gmt":"2022-03-08T11:30:33","guid":{"rendered":"https:\/\/praxis-dr-benner.de\/?page_id=679"},"modified":"2025-05-02T12:54:25","modified_gmt":"2025-05-02T10:54:25","slug":"zwischenraumpflege","status":"publish","type":"page","link":"https:\/\/praxis-dr-benner.de\/en\/prophylaxekonzept\/zwischenraumpflege\/","title":{"rendered":"Zwischenraumpflege"},"content":{"rendered":"\n<div class=\"wp-block-group pk\"><div class=\"wp-block-group__inner-container is-layout-flow wp-block-group-is-layout-flow\">\n<figure class=\"wp-block-image size-full header\"><img decoding=\"async\" width=\"2560\" height=\"581\" data-src=\"https:\/\/praxis-dr-benner.de\/wp-content\/uploads\/2022\/03\/zrpf-header-scaled.jpg\" alt=\"Zahnarzt Dr. Benner\" class=\"wp-image-681 lazyload\" title=\"Zahnarzt Dr. Benner\" data-srcset=\"https:\/\/praxis-dr-benner.de\/wp-content\/uploads\/2022\/03\/zrpf-header-scaled.jpg 2560w, https:\/\/praxis-dr-benner.de\/wp-content\/uploads\/2022\/03\/zrpf-header-300x68.jpg 300w, https:\/\/praxis-dr-benner.de\/wp-content\/uploads\/2022\/03\/zrpf-header-1024x232.jpg 1024w, https:\/\/praxis-dr-benner.de\/wp-content\/uploads\/2022\/03\/zrpf-header-768x174.jpg 768w, https:\/\/praxis-dr-benner.de\/wp-content\/uploads\/2022\/03\/zrpf-header-1536x349.jpg 1536w, https:\/\/praxis-dr-benner.de\/wp-content\/uploads\/2022\/03\/zrpf-header-2048x465.jpg 2048w\" data-sizes=\"(max-width: 2560px) 100vw, 2560px\" src=\"data:image\/svg+xml;base64,PHN2ZyB3aWR0aD0iMSIgaGVpZ2h0PSIxIiB4bWxucz0iaHR0cDovL3d3dy53My5vcmcvMjAwMC9zdmciPjwvc3ZnPg==\" style=\"--smush-placeholder-width: 2560px; --smush-placeholder-aspect-ratio: 2560\/581;\" \/><\/figure>\n\n\n\n<div class=\"wp-block-group bg-green\"><div class=\"wp-block-group__inner-container is-layout-flow wp-block-group-is-layout-flow\">\n<div style=\"height:20px\" aria-hidden=\"true\" class=\"wp-block-spacer\"><\/div>\n\n\n\n<div class=\"wp-block-group fixed-size\"><div class=\"wp-block-group__inner-container is-layout-flow wp-block-group-is-layout-flow\">\n<h1 class=\"wp-block-heading\">Prophylaxekonzept:<br>Die richtige Zwischenraumpflege<\/h1>\n\n\n\n<p><strong>Die Lesedauer dieser Thematik betr\u00e4gt circa 4 Minuten.<\/strong><\/p>\n<\/div><\/div>\n\n\n\n<div style=\"height:20px\" aria-hidden=\"true\" class=\"wp-block-spacer\"><\/div>\n<\/div><\/div>\n\n\n\n<div style=\"height:50px\" aria-hidden=\"true\" class=\"wp-block-spacer\"><\/div>\n\n\n\n<div class=\"wp-block-group fixed-size\"><div class=\"wp-block-group__inner-container is-layout-flow wp-block-group-is-layout-flow\">\n<h2 class=\"wp-block-heading has-text-color\" style=\"color:#6fc2b6\">Die richtige Zwischenraumpflege<\/h2>\n\n\n\n<div class=\"wp-block-columns is-layout-flex wp-container-core-columns-is-layout-9d6595d7 wp-block-columns-is-layout-flex\">\n<div class=\"wp-block-column column-margin is-layout-flow wp-block-column-is-layout-flow\" style=\"flex-basis:50%\">\n<p class=\"h-no-margin has-text-color\" style=\"color:#6fc2b6\"><strong>Zahnseide<\/strong><\/p>\n\n\n\n<p>Bei einem zahngesunden Patienten gilt die Faustregel: Mindestens ein Mal pro Tag sollte Zahnseide benutzt werden. Dies sollte in der Regel abends erfolgen, da die Z\u00e4hne \u00fcber acht Stunden nahrungsfreie Zeit gen\u00fcgend Raum haben, sich zu regenerieren.<\/p>\n\n\n\n<p>Bei der Zahnseidennutzung gilt es zwei unterschiedliche Vorteile hervorzuheben. Zum einen wird der Zwischenzahnkontakt von \u00fcbrig gebliebenen Speiserest gereinigt, was der Zwischenzahnraumkaries &#8211; der h\u00e4ufigsten Kariesvariante &#8211; vorbeugt. Zum anderen erzielt man durch die Reinigung der Zahnfleischtaschen einen Schutz vor Zahnfleisch- und Zahnhalteapparatsentz\u00fcndungen.<\/p>\n<\/div>\n\n\n\n<div class=\"wp-block-column is-layout-flow wp-block-column-is-layout-flow\" style=\"flex-basis:50%\">\n<p class=\"has-text-color\" style=\"color:#6fc2b6\"><strong><em>Wie g<\/em><\/strong><em><strong>enau Sie die Zahnseide benutzen sollen, um beide Effekte zu erzielen, zeigen wir in einem kurzen Demo-Video.<\/strong><\/em><\/p>\n\n\n\n<video controls=\"\" width=\"100%\" height=\"auto\">\n    <source src=\"\/wp-content\/uploads\/2022\/11\/20221113_9919_DrBenner_richtige_Putztechnik_Zahnseide.mp4\" type=\"video\/mp4\">\n<\/video>\n<\/div>\n<\/div>\n<\/div><\/div>\n\n\n\n<div style=\"height:25px\" aria-hidden=\"true\" class=\"wp-block-spacer\"><\/div>\n\n\n\n<div class=\"wp-block-group bg-green5\"><div class=\"wp-block-group__inner-container is-layout-flow wp-block-group-is-layout-flow\">\n<div style=\"height:50px\" aria-hidden=\"true\" class=\"wp-block-spacer\"><\/div>\n\n\n\n<div class=\"wp-block-group fixed-size\"><div class=\"wp-block-group__inner-container is-layout-flow wp-block-group-is-layout-flow\">\n<h2 class=\"wp-block-heading h-no-margin has-text-color\" style=\"color:#6fc2b6\">Zahnzwischenraum- \/ Interdentalraumb\u00fcrsten<\/h2>\n\n\n\n<p>F\u00fcr Patienten mit eingeschr\u00e4nkter Handfunktion nach einem Schlaganfall oder aufgrund von Arthrose gibt es zur einfacheren Handhabung B\u00fcrstchen, die anstatt der Zahnseide verwendet werden k\u00f6nnen.<\/p>\n\n\n\n<p>Doch sind die Zahnzwischenr\u00e4ume auch wichtig f\u00fcr Patienten mit fortgeschrittenem Knochenabbau und dem dadurch bedingten Zahnfleischr\u00fcckgang. Denn durch den Zahnfleischschwund werden die Wurzeln der Z\u00e4hne freigelegt und diese ben\u00f6tigen aufgrund ihrer Anatomie eine besondere Pflege, damit sich nicht dauerhaft Keime auf ihnen ablagern.<\/p>\n\n\n\n<p class=\"uh has-text-color\" style=\"color:#6fc2b6\"><strong><em>Veranschaulicht soll dies an den beiden Bildern werden:<\/em><\/strong><\/p>\n\n\n\n<div class=\"wp-block-columns veranschaulichung is-layout-flex wp-container-core-columns-is-layout-9d6595d7 wp-block-columns-is-layout-flex\">\n<div class=\"wp-block-column is-layout-flow wp-block-column-is-layout-flow\">\n<div class=\"wp-block-columns is-layout-flex wp-container-core-columns-is-layout-9d6595d7 wp-block-columns-is-layout-flex\">\n<div class=\"wp-block-column is-layout-flow wp-block-column-is-layout-flow\">\n<figure class=\"wp-block-image size-full\"><img decoding=\"async\" width=\"481\" height=\"481\" data-src=\"https:\/\/praxis-dr-benner.de\/wp-content\/uploads\/2022\/03\/zrpf-seide.png\" alt=\"Zahnarzt Dr. Benner\" class=\"wp-image-687 lazyload\" title=\"Zahnarzt Dr. Benner\" data-srcset=\"https:\/\/praxis-dr-benner.de\/wp-content\/uploads\/2022\/03\/zrpf-seide.png 481w, https:\/\/praxis-dr-benner.de\/wp-content\/uploads\/2022\/03\/zrpf-seide-300x300.png 300w, https:\/\/praxis-dr-benner.de\/wp-content\/uploads\/2022\/03\/zrpf-seide-150x150.png 150w\" data-sizes=\"(max-width: 481px) 100vw, 481px\" src=\"data:image\/svg+xml;base64,PHN2ZyB3aWR0aD0iMSIgaGVpZ2h0PSIxIiB4bWxucz0iaHR0cDovL3d3dy53My5vcmcvMjAwMC9zdmciPjwvc3ZnPg==\" style=\"--smush-placeholder-width: 481px; --smush-placeholder-aspect-ratio: 481\/481;\" \/><\/figure>\n<\/div>\n\n\n\n<div class=\"wp-block-column vertical-center is-layout-flow wp-block-column-is-layout-flow\">\n<p>Hier sehen wir einen oberen, kleinen Backenzahn. Dieser Zahn hat eine nierenf\u00f6rmige Einziehung an seiner Vorderseite. Wir sehen, dass eine gespannte Zahnseide die Oberfl\u00e4che der Einziehung nicht reinigen kann.<\/p>\n<\/div>\n<\/div>\n<\/div>\n\n\n\n<div class=\"wp-block-column is-layout-flow wp-block-column-is-layout-flow\">\n<div class=\"wp-block-columns is-layout-flex wp-container-core-columns-is-layout-9d6595d7 wp-block-columns-is-layout-flex\">\n<div class=\"wp-block-column is-layout-flow wp-block-column-is-layout-flow\">\n<figure class=\"wp-block-image size-full\"><img decoding=\"async\" width=\"481\" height=\"481\" data-src=\"https:\/\/praxis-dr-benner.de\/wp-content\/uploads\/2022\/03\/zrpf-buerste.png\" alt=\"Zahnarzt Dr. Benner\" class=\"wp-image-688 lazyload\" title=\"Zahnarzt Dr. Benner\" data-srcset=\"https:\/\/praxis-dr-benner.de\/wp-content\/uploads\/2022\/03\/zrpf-buerste.png 481w, https:\/\/praxis-dr-benner.de\/wp-content\/uploads\/2022\/03\/zrpf-buerste-300x300.png 300w, https:\/\/praxis-dr-benner.de\/wp-content\/uploads\/2022\/03\/zrpf-buerste-150x150.png 150w\" data-sizes=\"(max-width: 481px) 100vw, 481px\" src=\"data:image\/svg+xml;base64,PHN2ZyB3aWR0aD0iMSIgaGVpZ2h0PSIxIiB4bWxucz0iaHR0cDovL3d3dy53My5vcmcvMjAwMC9zdmciPjwvc3ZnPg==\" style=\"--smush-placeholder-width: 481px; --smush-placeholder-aspect-ratio: 481\/481;\" \/><\/figure>\n<\/div>\n\n\n\n<div class=\"wp-block-column vertical-center is-layout-flow wp-block-column-is-layout-flow\">\n<p>Auf diesem Bild ist dies<br>aufgrund der Borsten<br>m\u00f6glich.<\/p>\n<\/div>\n<\/div>\n<\/div>\n<\/div>\n\n\n\n<p class=\"has-text-color\" style=\"color:#6fc2b6\"><strong>Sollte der Knochenabbau schon weiter fortgeschritten sein, kann die Furkation betroffen sein. Dies ist der Teil einer Zahnwurzel, in der sich der Hauptast in zwei oder drei kleinere \u00c4ste aufteilt. \u00c4hnlich wie bei der Einziehung auf den Bildern oben, ist es unm\u00f6glich mit einem flexiblen Reinigungsger\u00e4t zwischen den Wurzeln sauber zu halten. Daher werden die stabilen B\u00fcrsten eingesetzt.<\/strong><\/p>\n<\/div><\/div>\n\n\n\n<div style=\"height:70px\" aria-hidden=\"true\" class=\"wp-block-spacer\"><\/div>\n<\/div><\/div>\n\n\n\n<div class=\"wp-block-group bg-green\"><div class=\"wp-block-group__inner-container is-layout-flow wp-block-group-is-layout-flow\">\n<div style=\"height:25px\" aria-hidden=\"true\" class=\"wp-block-spacer\"><\/div>\n\n\n\n<div class=\"wp-block-group fixed-size\"><div class=\"wp-block-group__inner-container is-layout-flow wp-block-group-is-layout-flow\">\n<h2 class=\"wp-block-heading\">Hier weiterlesen:<\/h2>\n\n\n\n<div class=\"wp-block-buttons is-layout-flex wp-block-buttons-is-layout-flex\">\n<div class=\"wp-block-button cmd-gray\"><a class=\"wp-block-button__link wp-element-button\" href=\"\/prophylaxekonzept\/zahnpflege\">Die richtige Zahnpflege<\/a><\/div>\n\n\n\n<div class=\"wp-block-button cmd-gray\"><a class=\"wp-block-button__link wp-element-button\" href=\"\/prophylaxekonzept\/zahnbuerste\">Die richtige Zahnb\u00fcrste<\/a><\/div>\n\n\n\n<div class=\"wp-block-button cmd-gray\"><a class=\"wp-block-button__link wp-element-button\" href=\"\/prophylaxekonzept\/zahnpasta\">Die richtige Zahnpasta<\/a><\/div>\n<\/div>\n<\/div><\/div>\n\n\n\n<div style=\"height:50px\" aria-hidden=\"true\" class=\"wp-block-spacer\"><\/div>\n<\/div><\/div>\n\n\n\n<div class=\"wp-block-columns nogap is-layout-flex wp-container-core-columns-is-layout-9d6595d7 wp-block-columns-is-layout-flex\">\n<div class=\"wp-block-column bg-green30 is-layout-flow wp-block-column-is-layout-flow\">\n<div style=\"height:75px\" aria-hidden=\"true\" class=\"wp-block-spacer\"><\/div>\n\n\n\n<div class=\"wp-block-group half-left pdf\"><div class=\"wp-block-group__inner-container is-layout-flow wp-block-group-is-layout-flow\">\n<h3 class=\"wp-block-heading\">Unsere<br>Zahnpflege-<br>Checkliste f\u00fcr<br>Zuhause<\/h3>\n\n\n\n<div class=\"wp-block-buttons is-layout-flex wp-block-buttons-is-layout-flex\">\n<div class=\"wp-block-button\"><a class=\"wp-block-button__link wp-element-button\" href=\"https:\/\/praxis-dr-benner.de\/wp-content\/uploads\/2025\/05\/20250425_15176_zahnmedizin_rheinland_umstellung_website_prophylaxekonzept_layout_allgemein_dirmerzheim.pdf\">Jetzt herunterladen<\/a><\/div>\n<\/div>\n<\/div><\/div>\n\n\n\n<div style=\"height:75px\" aria-hidden=\"true\" class=\"wp-block-spacer\"><\/div>\n<\/div>\n\n\n\n<div class=\"wp-block-column hg-service is-layout-flow wp-block-column-is-layout-flow\">\n<div style=\"height:10px\" aria-hidden=\"true\" class=\"wp-block-spacer\"><\/div>\n\n\n\n<div class=\"wp-block-group half-right\"><div class=\"wp-block-group__inner-container is-layout-flow wp-block-group-is-layout-flow\">\n<h3 class=\"wp-block-heading has-text-align-center\">Genau mein Service.<\/h3>\n\n\n\n<hr class=\"wp-block-separator has-css-opacity aligncenter\"\/>\n\n\n\n<h3 class=\"wp-block-heading has-text-align-center\">Jetzt einen Termin in<br>unserer Praxis vereinbaren.<\/h3>\n\n\n\n<div class=\"drflex-button-wrapper\">\n        <a href=\"javascript:toggleDrFlexAppointments()\">\n            <div class=\"drflex-button custom-css-button cmd-flex-green\"\n                style=\"border-radius: 1em;\n                    background-color: #68e697;\n                    color: #ffffff;\n                    padding: 1em;\">Hier Termin vereinbaren\n            <\/div>\n        <\/a>\n    <\/div>\n\n\n\n<p class=\"has-text-align-center\">oder telefonisch Tel. 02235 &#8211; 6525<\/p>\n<\/div><\/div>\n\n\n\n<div style=\"height:10px\" aria-hidden=\"true\" class=\"wp-block-spacer\"><\/div>\n<\/div>\n<\/div>\n\n\n\n<div class=\"wp-block-group fixed-size\"><div class=\"wp-block-group__inner-container is-layout-flow wp-block-group-is-layout-flow\">\n<div style=\"height:50px\" aria-hidden=\"true\" class=\"wp-block-spacer\"><\/div>\n\n\n\n<div class=\"wp-block-columns landing-oz-next is-layout-flex wp-container-core-columns-is-layout-9d6595d7 wp-block-columns-is-layout-flex\">\n<div class=\"wp-block-column lnading-other-adress is-layout-flow wp-block-column-is-layout-flow\">\n\n<div id=\"wk-grid4c1\" class=\"uk-grid-width-1-1 uk-grid-width-small-1-1 uk-grid-width-medium-1-1 uk-grid-width-large-1-2 uk-grid-width-xlarge-1-2 uk-grid uk-grid-match uk-text-left \" data-uk-grid-match=\"{target:'> div > .uk-panel', row:true}\" data-uk-grid-margin  data-uk-scrollspy=\"{cls:'uk-animation-scale-up uk-invisible', target:'> div > .uk-panel', delay:300}\">\n\n\n    <div>\n        <div class=\"uk-panel uk-invisible\">\n\n            \n            \n                        <div class=\"uk-text-center uk-margin uk-margin-top-remove\"><img decoding=\"async\" data-src=\"\/wp-content\/uploads\/2025\/05\/bildmarke_blau.png\" alt=\"PRAXIS\" width=\"96\" height=\"91\" title=\"Zahnarzt Dr. Benner\" src=\"data:image\/svg+xml;base64,PHN2ZyB3aWR0aD0iMSIgaGVpZ2h0PSIxIiB4bWxucz0iaHR0cDovL3d3dy53My5vcmcvMjAwMC9zdmciPjwvc3ZnPg==\" class=\"lazyload\" style=\"--smush-placeholder-width: 96px; --smush-placeholder-aspect-ratio: 96\/91;\"><\/div>\n            \n            \n            \n            \n            \n                        <div class=\"uk-margin\"><div id=\"kontakt_\">.<\/div>\n<h5>PRAXIS DR. BENNER<\/h5>\n<span>Landstr. 23 | 50374 Erftstadt<br>\nTel. 02235 &#8211; 6525<br><\/span><br>\n<a href=\"mailto:info@praxis-dr-benner.de\">info@praxis-dr-benner.de<\/a><br>\n\n<\/div>\n            \n            \n            \n            \n        <\/div>\n    <\/div>\n\n\n<\/div>\n\n<script>\n(function($){\n\n    \/\/ get the images of the gallery and replace it by a canvas of the same size to fix the problem with overlapping images on load.\n    $('img[width][height]:not(.uk-overlay-panel)', $('#wk-grid4c1')).each(function() {\n\n        var $img = $(this);\n\n        if (this.width == 'auto' || this.height == 'auto' || !$img.is(':visible')) {\n            return;\n        }\n\n        var $canvas = $('<canvas class=\"uk-responsive-width\"><\/canvas>').attr({width:$img.attr('width'), height:$img.attr('height')}),\n            img = new Image,\n            release = function() {\n                $canvas.remove();\n                $img.css('display', '');\n                release = function(){};\n            };\n\n        $img.css('display', 'none').after($canvas);\n\n        $(img).on('load', function(){ release(); });\n        setTimeout(function(){ release(); }, 1000);\n\n        img.src = this.src;\n\n    });\n\n})(jQuery);\n<\/script>\n\n<\/div>\n\n\n\n<div class=\"wp-block-column is-layout-flow wp-block-column-is-layout-flow\">\n\n<div id=\"wk-grid22e\" class=\"uk-grid-width-1-1 uk-grid-width-small-1-1 uk-grid-width-medium-1-1 uk-grid-width-large-1-2 uk-grid-width-xlarge-1-2 uk-grid uk-grid-match uk-text-left landigpage-oz\" data-uk-grid-match=\"{target:'> div > .uk-panel', row:true}\" data-uk-grid-margin  data-uk-scrollspy=\"{cls:'uk-animation-scale-up uk-invisible', target:'> div > .uk-panel', delay:300}\">\n\n\n    <div>\n        <div class=\"uk-panel uk-invisible\">\n\n            \n            \n            \n            \n                        <h3 class=\"uk-panel-title\">\n\n                                    \u00d6ffnungszeiten                \n                \n            <\/h3>\n            \n            \n            \n                        <div class=\"uk-margin\"><div class=\"\">\n<div id=\"oeffnungszeiten_\">.<\/div>\n<table>\n<tbody>\n<tr>\n<td>Montag<\/td>\n<td>07:30 &#8211; 19:30 Uhr<\/td>\n<\/tr>\n<tr>\n<td>Dienstag<\/td>\n<td>07:30 &#8211; 19:30 Uhr<\/td>\n<\/tr>\n<tr>\n<td>Mittwoch<\/td>\n<td>07:30 &#8211; 17:00 Uhr<\/td>\n<\/tr>\n<tr>\n<td>Donnerstag<\/td>\n<td>07:30 &#8211; 19:30 Uhr<\/td>\n<\/tr>\n<tr>\n<td>Freitag<\/td>\n<td>07:30 &#8211; 13:30 Uhr<\/td>\n<\/tr>\n<\/tbody>\n<\/table><\/div>\n<\/div>\n            \n            \n            \n            \n        <\/div>\n    <\/div>\n\n\n<\/div>\n\n<script>\n(function($){\n\n    \/\/ get the images of the gallery and replace it by a canvas of the same size to fix the problem with overlapping images on load.\n    $('img[width][height]:not(.uk-overlay-panel)', $('#wk-grid22e')).each(function() {\n\n        var $img = $(this);\n\n        if (this.width == 'auto' || this.height == 'auto' || !$img.is(':visible')) {\n            return;\n        }\n\n        var $canvas = $('<canvas class=\"uk-responsive-width\"><\/canvas>').attr({width:$img.attr('width'), height:$img.attr('height')}),\n            img = new Image,\n            release = function() {\n                $canvas.remove();\n                $img.css('display', '');\n                release = function(){};\n            };\n\n        $img.css('display', 'none').after($canvas);\n\n        $(img).on('load', function(){ release(); });\n        setTimeout(function(){ release(); }, 1000);\n\n        img.src = this.src;\n\n    });\n\n})(jQuery);\n<\/script>\n\n<\/div>\n\n\n\n<div class=\"wp-block-column is-vertically-aligned-bottom is-layout-flow wp-block-column-is-layout-flow\">\n\n<div id=\"wk-grid7c8\" class=\"uk-grid-width-1-1 uk-grid-width-small-1-1 uk-grid-width-medium-1-1 uk-grid-width-large-1-2 uk-grid-width-xlarge-1-2 uk-grid uk-grid-match uk-text-left jameda-content\" data-uk-grid-match=\"{target:'> div > .uk-panel', row:true}\" data-uk-grid-margin  data-uk-scrollspy=\"{cls:'uk-animation-scale-up uk-invisible', target:'> div > .uk-panel', delay:300}\">\n\n\n    <div>\n        <div class=\"uk-panel uk-invisible\">\n\n            \n            \n            \n            \n            \n            \n            \n                        <div class=\"uk-margin\"><p><script src=\"https:\/\/cdn1.jameda-elements.de\/widgets\/siegel\/81611361_1\/1733868\/\" type=\"text\/javascript\" async><\/script><\/p>\n<div id=\"jameda-widget-container1733868\" style=\"position:relative; width:272px; height:168px; margin:15px; background-image:inherit; background-repeat:no-repeat; font-family:Arial, Helvetica, sans-serif; font-size:12px; line-height:15px;\" data-bg-image=\"url(https:\/\/cdn1.jameda-elements.de\/premium\/widgets\/_images\/top10-top20-bg.png)\" class=\"lazyload\">\n<div style=\"position:absolute; top:25px; left:108px; width:148px; height:58px; overflow:hidden; white-space:normal;\"><a href=\"https:\/\/www.jameda.de\/erftstadt\/zahnaerzte\/endodontologie-wurzelbehandlung\/dr-marcel-benner\/uebersicht\/81611361_1\/?utm_content=Top5&amp;utm_source=Kunden-Homepages&amp;utm_medium=Badges&amp;utm_term=81611361&amp;utm_campaign=Badges\" style=\"font-size:15px; line-height:18px; font-weight:bold; color:#01a3d4; text-decoration:none; border:0px;\" target=\"_blank\" rel=\"noopener\">Dr. med. dent. Marcel Benner<\/a><\/div>\n<div style=\"position:absolute; top:98px; left:108px; width:152px; height:53px; overflow:hidden; color:#888; font-size:11px; line-height:13px;\"><strong><\/strong><br \/>in Erftstadt auf&nbsp;<a href=\"https:\/\/www.jameda.de\/erftstadt\/aerzte\/gruppe\/?utm_content=Top5&amp;utm_source=Kunden-Homepages&amp;utm_medium=Badges&amp;utm_term=81611361&amp;utm_campaign=Badges\" class=\"jam_link_check\" style=\"color:#069bd2; font-size:11px; text-decoration:none; border:0px; background-color:transparent !important;\" target=\"_blank\" rel=\"noopener\">jameda<\/a><\/div>\n<\/div>\n<\/div>\n            \n            \n            \n            \n        <\/div>\n    <\/div>\n\n\n<\/div>\n\n<script>\n(function($){\n\n    \/\/ get the images of the gallery and replace it by a canvas of the same size to fix the problem with overlapping images on load.\n    $('img[width][height]:not(.uk-overlay-panel)', $('#wk-grid7c8')).each(function() {\n\n        var $img = $(this);\n\n        if (this.width == 'auto' || this.height == 'auto' || !$img.is(':visible')) {\n            return;\n        }\n\n        var $canvas = $('<canvas class=\"uk-responsive-width\"><\/canvas>').attr({width:$img.attr('width'), height:$img.attr('height')}),\n            img = new Image,\n            release = function() {\n                $canvas.remove();\n                $img.css('display', '');\n                release = function(){};\n            };\n\n        $img.css('display', 'none').after($canvas);\n\n        $(img).on('load', function(){ release(); });\n        setTimeout(function(){ release(); }, 1000);\n\n        img.src = this.src;\n\n    });\n\n})(jQuery);\n<\/script>\n\n<\/div>\n<\/div>\n\n\n\n<div style=\"height:50px\" aria-hidden=\"true\" class=\"wp-block-spacer\"><\/div>\n<\/div><\/div>\n<\/div><\/div>\n\n\n\n<p><\/p>\n","protected":false},"excerpt":{"rendered":"<p>Prophylaxekonzept:Die richtige Zwischenraumpflege Die Lesedauer dieser Thematik betr\u00e4gt circa 4 Minuten. Die richtige Zwischenraumpflege Zahnseide Bei einem zahngesunden Patienten gilt die Faustregel: Mindestens ein Mal pro Tag sollte Zahnseide benutzt werden. Dies sollte in der Regel abends erfolgen, da die Z\u00e4hne \u00fcber acht Stunden nahrungsfreie Zeit gen\u00fcgend Raum haben, sich zu regenerieren. Bei der Zahnseidennutzung [&hellip;]<\/p>\n","protected":false},"author":1,"featured_media":0,"parent":720,"menu_order":0,"comment_status":"closed","ping_status":"closed","template":"","meta":{"_custom_body_class":"landingpage","_custom_post_class":"","footnotes":""},"class_list":["post-679","page","type-page","status-publish","hentry"],"_links":{"self":[{"href":"https:\/\/praxis-dr-benner.de\/en\/wp-json\/wp\/v2\/pages\/679","targetHints":{"allow":["GET"]}}],"collection":[{"href":"https:\/\/praxis-dr-benner.de\/en\/wp-json\/wp\/v2\/pages"}],"about":[{"href":"https:\/\/praxis-dr-benner.de\/en\/wp-json\/wp\/v2\/types\/page"}],"author":[{"embeddable":true,"href":"https:\/\/praxis-dr-benner.de\/en\/wp-json\/wp\/v2\/users\/1"}],"replies":[{"embeddable":true,"href":"https:\/\/praxis-dr-benner.de\/en\/wp-json\/wp\/v2\/comments?post=679"}],"version-history":[{"count":33,"href":"https:\/\/praxis-dr-benner.de\/en\/wp-json\/wp\/v2\/pages\/679\/revisions"}],"predecessor-version":[{"id":983,"href":"https:\/\/praxis-dr-benner.de\/en\/wp-json\/wp\/v2\/pages\/679\/revisions\/983"}],"up":[{"embeddable":true,"href":"https:\/\/praxis-dr-benner.de\/en\/wp-json\/wp\/v2\/pages\/720"}],"wp:attachment":[{"href":"https:\/\/praxis-dr-benner.de\/en\/wp-json\/wp\/v2\/media?parent=679"}],"curies":[{"name":"wp","href":"https:\/\/api.w.org\/{rel}","templated":true}]}}